{"id":370,"date":"2025-06-21T18:08:34","date_gmt":"2025-06-21T16:08:34","guid":{"rendered":"https:\/\/sig2025.uber.space\/?page_id=370"},"modified":"2025-11-09T09:27:48","modified_gmt":"2025-11-09T08:27:48","slug":"pressespiegel","status":"publish","type":"page","link":"https:\/\/www.sand-im-getriebe.mobi\/en\/pressespiegel\/","title":{"rendered":"Pressespiegel"},"content":{"rendered":"\n<blockquote class=\"wp-block-quote is-layout-flow wp-block-quote-is-layout-flow\">\n<p>Die [&#8230;] <strong>IAA<\/strong>, [&#8230;] die <strong>durch Proteste<\/strong> von Klimaaktivisten aus Frankfurt am Main <strong>vertrieben<\/strong> wurde.<br><em>Sueddeutsche Zeitung, 5. September 2025<\/em><\/p>\n<\/blockquote>\n\n\n\n<h2 class=\"wp-block-heading\">Solidarische Prozessbegleitung 21.05.2024<\/h2>\n\n\n\n<ul class=\"wp-block-list\">\n<li><a href=\"https:\/\/reversed-magazine.com\/sand-im-getriebe-was-bleibt-nach-protestaktionen-reversed-mag\/\">Sand im Getriebe: Was bleibt nach Protestaktionen?<\/a>, reversed-magazine, 28.05.2024<\/li>\n\n\n\n<li><a href=\"https:\/\/www.bild.de\/regional\/muenchen\/iaa-muenchen-klima-krimineller-vor-gericht-zu-geldstrafe-verurteilt-664da6003b3568586a81ad77\">Klima-Krimineller verurteilt<\/a>, Bild, 22.05.2024<\/li>\n\n\n\n<li><a href=\"https:\/\/www.pressreader.com\/germany\/abendzeitung-munchen\/20240522\/281792814142249\">IAA: Geldstrafe f\u00fcr Aktivisten<\/a>, Abendzeitung, 22.05.2024<\/li>\n\n\n\n<li><a href=\"https:\/\/perspektive-online.net\/2024\/05\/sand-im-getriebe-unerwuenschte-meinungsaeusserung\/\">Sand im Getriebe \u2013 Unerw\u00fcnschte Meinungs\u00e4u\u00dferung<\/a>, Perspektive, 23.05.2024<\/li>\n<\/ul>\n\n\n\n<h2 class=\"wp-block-heading\">blockIAA2023<\/h2>\n\n\n\n<h3 class=\"wp-block-heading\"><strong>Die Wochen danach<\/strong><\/h3>\n\n\n\n<ul class=\"wp-block-list\">\n<li><a href=\"https:\/\/www.abendzeitung-muenchen.de\/politik\/amnesty-unterdrueckung-von-protesten-auch-in-deutschland-art-928574\" target=\"_blank\" rel=\"noreferrer noopener\">Amnesty: Unterdr\u00fcckung von Protesten auch in Deutschland<\/a>, AZ, 19.9.2023<\/li>\n\n\n\n<li><a href=\"https:\/\/www.jungewelt.de\/artikel\/459003.repression-am-rande-der-iaa-wer-nach-aktivismus-aussah-wurde-kontrolliert.html\" target=\"_blank\" rel=\"noreferrer noopener\">\u00bbWer nach Aktivismus aussah, wurde kontrolliert\u00ab<\/a>, junge Welt, 14.9.2023<\/li>\n\n\n\n<li><a href=\"https:\/\/www.nd-aktuell.de\/artikel\/1176250.polizeiproblem-protest-gegen-die-iaa-massenhaft-daten-eingesammelt.html\" target=\"_blank\" rel=\"noreferrer noopener\">Protest gegen die IAA: Massenhaft Daten eingesammelt<\/a>, nd, 13.9.2023<\/li>\n\n\n\n<li><a href=\"https:\/\/www.merkur.de\/wirtschaft\/bilanz-der-iaa-proteste-alle-mehr-oder-weniger-zufrieden-zr-92512843.html\" target=\"_blank\" rel=\"noreferrer noopener\">Bilanz der IAA-Proteste: Alle mehr oder weniger zufrieden<\/a>, Merkur, 11.9.2023<\/li>\n\n\n\n<li><a href=\"https:\/\/taz.de\/Protest-gegen-Automobilausstellung-IAA\/!5956556\/\" target=\"_blank\" rel=\"noreferrer noopener\">Spektakel f\u00fcr die Mobilit\u00e4tswende<\/a>, taz, 11.9.2023<\/li>\n\n\n\n<li><a href=\"https:\/\/www.sueddeutsche.de\/muenchen\/muenchen-iaa-protest-polizei-pressearbeit-behinderung-1.6216382\" target=\"_blank\" rel=\"noreferrer noopener\">Presse und Proteste<\/a>, SZ, 11.9.2023<\/li>\n\n\n\n<li><a href=\"https:\/\/www.tz.de\/welt\/mercedes-benz-im-fokus-von-aktivisten-klimakrise-oder-krieg-hauptsache-profit-iaa-muenchen-zr-92512837.html\" target=\"_blank\" rel=\"noreferrer noopener\">\u201eKlimakrise oder Krieg, Hauptsache Profit\u201c: Aktivisten dringen auf Mercedes-Gel\u00e4nde vor<\/a>, tz, 11.9.2023<\/li>\n\n\n\n<li><a href=\"https:\/\/www.abendzeitung-muenchen.de\/muenchen\/so-lief-der-grosse-iaa-protest-und-klima-demo-in-muenchen-wirklich-eine-sauerei-art-926769\" target=\"_blank\" rel=\"noreferrer noopener\">So lief der gro\u00dfe IAA-Protest und Klima-Demo in M\u00fcnchen: \u201eWirklich eine Sauerei\u201c<\/a>, AZ, 11.9.2023<\/li>\n\n\n\n<li><a href=\"https:\/\/rdl.de\/beitrag\/vielf-ltiger-protest-gegen-klimafeindliche-motoren-und-ihre-anh-nger\" target=\"_blank\" rel=\"noreferrer noopener\">Vielf\u00e4ltiger Protest gegen klimafeindliche Motoren und ihre Anh\u00e4nger<\/a>, Radio Dreyeckland, 11.9.2023<\/li>\n<\/ul>\n\n\n\n<h3 class=\"wp-block-heading\"><strong>W\u00e4hrend der IAA (5.-10. September)<\/strong><\/h3>\n\n\n\n<ul class=\"wp-block-list\">\n<li><a href=\"https:\/\/www.fr.de\/panorama\/haelfte-ab-aktivismus-protest-muenchen-iaa-mobility-schwere-vorwuerfe-polizist-schlug-ohr-zur-92510749.html\" target=\"_blank\" rel=\"noreferrer noopener\">\u201ePolizist schlug das Ohr zur H\u00e4lfte ab\u201c \u2013 Schwere Vorw\u00fcrfe nach IAA-Protestaktionen<\/a>, Frankfurter Rundschau, 10.9.2023<\/li>\n\n\n\n<li><a href=\"https:\/\/www.sueddeutsche.de\/muenchen\/iaa-mobility-muenchen-auto-messe-polizei-demos-1.6213300?reduced=true\" target=\"_blank\" rel=\"noreferrer noopener\">Turbulenzen auf der Zielgeraden<\/a>, Sueddeutsche, 10.9.2023<\/li>\n\n\n\n<li><a href=\"https:\/\/www.telepolis.de\/features\/IAA-Mobility-Lang-lebe-das-Auto-9300142.html\" target=\"_blank\" rel=\"noreferrer noopener\">IAA Mobility: Lang lebe das Auto?<\/a>, Telepolis, 10.9.2023<\/li>\n\n\n\n<li><a href=\"https:\/\/www.nd-aktuell.de\/artikel\/1176182.verkehrswende-protest-bei-der-iaa-der-autolobby-in-die-suppe-gespuckt.html\" target=\"_blank\" rel=\"noreferrer noopener\">Protest bei der IAA: \u00bbDer Autolobby in die Suppe gespuckt<\/a>\u00ab, nd, 10.9.2023<\/li>\n\n\n\n<li><a href=\"https:\/\/www.tz.de\/muenchen\/stadt\/hallo-muenchen\/muenchen-iaa-aktivist-ohr-abgeschlagen-polizei-kritik-klima-protest-letzte-generation-blockade-92510965.html\" target=\"_blank\" rel=\"noreferrer noopener\">Ohr von Aktivist abgeschlagen? IAA-Protestler in M\u00fcnchen \u00e4u\u00dfern massive Kritik an Polizei,<\/a>&nbsp;tz, 10.9.2023<\/li>\n\n\n\n<li><a href=\"https:\/\/taz.de\/Verhinderte-Proteste-gegen-die-IAA\/!5956522&amp;s=iaa\/\" target=\"_blank\" rel=\"noreferrer noopener\">Umdenken politisch unterst\u00fctzen!<\/a>, taz, 10.9.2023<\/li>\n\n\n\n<li><a href=\"https:\/\/www.tz.de\/muenchen\/stadt\/iaa-demo-mit-fast-3000-teilnehmern-mitten-durch-muenchen-pyrotechnik-gezuendet-92511202.html\">IAA-Demo mit fast 3000 Teilnehmern mitten durch M\u00fcnchen \u2013 Pyrotechnik gez\u00fcndet<\/a>, tz, 10.9.2023<\/li>\n\n\n\n<li><a href=\"https:\/\/www.abendzeitung-muenchen.de\/muenchen\/endspurt-der-iaa-proteste-ziviler-ungehorsam-in-muenchen-art-926437\" target=\"_blank\" rel=\"noreferrer noopener\">Endspurt der IAA-Proteste: Ziviler Ungehorsam in M\u00fcnchen<\/a>, AZ, 10.9.2023<\/li>\n\n\n\n<li><a href=\"https:\/\/www.br.de\/nachrichten\/bayern\/gegen-die-iaa-blockaden-besetzung-und-mercedes-protest,TpMQn1X\">Gegen die IAA: Blockaden, Besetzung und Mercedes-Protest<\/a>, BR, 9.9.2023<\/li>\n\n\n\n<li><a href=\"https:\/\/taz.de\/Proteste-gegen-IAA-in-Muenchen\/!5959054\/\">Klima-Aktivist*innen eingekesselt<\/a>, taz, 9.9.2023<\/li>\n\n\n\n<li><a href=\"https:\/\/www.t-online.de\/region\/muenchen\/id_100240262\/muenchen-klimaaktivisten-besetzen-strasse-vor-altem-gebrauchtwarenhaus.html\">Klimaaktivisten in M\u00fcnchen von Polizei eingekesselt<\/a>, T-Online, 9.9.2023<\/li>\n\n\n\n<li><a href=\"https:\/\/www.faz.net\/aktuell\/politik\/inland\/iaa-protest-in-muenchen-aktivisten-blockieren-strasse-und-besetzen-haus-19162710.html\" target=\"_blank\" rel=\"noreferrer noopener\">Demonstranten blockieren Stra\u00dfe und besetzen Haus<\/a>, FAZ, 9.9.2023<\/li>\n\n\n\n<li><a href=\"https:\/\/taz.de\/Proteste-gegen-Automesse-IAA\/!5958976\/\" target=\"_blank\" rel=\"noreferrer noopener\">AktivistInnen blockieren BMW-Werk<\/a>, taz, 8.9.2023<\/li>\n\n\n\n<li><a href=\"https:\/\/www.merkur.de\/bayern\/dingolfing-klimaaktivisten-sand-im-getriebe-blockieren-werkstor-bmw-92508264.html\" target=\"_blank\" rel=\"noreferrer noopener\">Klima-Aktivisten von \u201eSand im Getriebe\u201c blockieren BMW-Werk in Dingolfing<\/a>, M\u00fcnchner Merkur, 8.9.2023<\/li>\n\n\n\n<li><a href=\"https:\/\/taz.de\/IAA-in-Muenchen\/!5956464&amp;s=dingolfing\/\" target=\"_blank\" rel=\"noreferrer noopener\">Pyros, Protest und Parolen<\/a>, taz, 8.9.2023<\/li>\n\n\n\n<li><a href=\"https:\/\/www.t-online.de\/nachrichten\/panorama\/id_100239728\/klimaaktivisten-blockieren-bmw-werk-in-dingolfing.html\" target=\"_blank\" rel=\"noreferrer noopener\">Klimaaktivisten blockieren BMW-Werk in Dingolfing<\/a>, T-Online, 8.9.2023<\/li>\n\n\n\n<li><a href=\"https:\/\/www.tz.de\/bayern\/dingolfing-klimaaktivisten-sand-im-getriebe-blockieren-werkstor-bmw-92508267.html\" target=\"_blank\" rel=\"noreferrer noopener\">Klima-Aktivisten von \u201eSand im Getriebe\u201c blockieren BMW-Werk in Dingolfing<\/a>, tz, 8.9.2023<\/li>\n\n\n\n<li><a href=\"https:\/\/www.automobilwoche.de\/nachrichten\/bmw-dingolfing-klima-aktivisten-storen-produktion\" target=\"_blank\" rel=\"noreferrer noopener\">Klima-Aktivisten st\u00f6ren Produktion bei BMW in Dingolfing<\/a>, Autowoche, 8.9.2023<\/li>\n\n\n\n<li><a href=\"https:\/\/www.br.de\/nachrichten\/bayern\/900-klimaaktivisten-gegen-iaa-im-muenchner-mobilitaetswendecamp,TpGmb77\" target=\"_blank\" rel=\"noreferrer noopener\">900 Klimaaktivisten gegen IAA im M\u00fcnchner \u201eMobilit\u00e4tswende Camp\u201c<\/a>, BR, 8.9.2023<\/li>\n\n\n\n<li><a href=\"https:\/\/taz.de\/Internationale-Automobilausstellung\/!5955665\/\" target=\"_blank\" rel=\"noreferrer noopener\">\u201eSchaufahren gegen den Klimaschutz\u201c<\/a>, taz, 7.9.2023<\/li>\n\n\n\n<li><a href=\"https:\/\/www.tz.de\/muenchen\/stadt\/klima-proteste-aktionen-iaa-muenchen-eroeffnung-92501575.html\">Rund um IAA in M\u00fcnchen: Aktivisten legen Feuer \u2013 kurz darauf folgt weitere Aktion<\/a>, tz, 7.9.2023<\/li>\n\n\n\n<li><a href=\"https:\/\/www.br.de\/nachrichten\/bayern\/iaa-protest-attac-tauscht-in-muenchen-werbeplakate-aus,Tp9m0xQ\" target=\"_blank\" rel=\"noreferrer noopener\">IAA-Protest: Attac tauscht in M\u00fcnchen Werbeplakate aus<\/a>, BR, 7.9.2023<\/li>\n\n\n\n<li><a href=\"https:\/\/www.fr.de\/politik\/mobilmachen-gegen-die-iaa-in-muenchen-92502074.html\" target=\"_blank\" rel=\"noreferrer noopener\">Klimaproteste gegen IAA in M\u00fcnchen<\/a>, Frankfurter Rundschau, 7.9.2023<\/li>\n\n\n\n<li><a href=\"https:\/\/www.stern.de\/wirtschaft\/news\/aktivismus--iaa-proteste--attac-tauscht-werbeplakate-in-muenchen-aus-33802886.html?utm_campaign=alle&amp;utm_medium=rss-feed&amp;utm_source=standard\" target=\"_blank\" rel=\"noreferrer noopener\">IAA-Poteste: Attac tauscht Werbeplakate in M\u00fcnchen aus<\/a>, Stern, 7.9.2023<\/li>\n\n\n\n<li><a href=\"https:\/\/www.sueddeutsche.de\/muenchen\/iaa-muenchen-polizei-letzte-generation-proteste-1.6200672\" target=\"_blank\" rel=\"noreferrer noopener\">Die einen sitzen \u2013 die anderen starten eine \u201eAktionsrallye\u201c<\/a>, SZ, 6.9.2023<\/li>\n\n\n\n<li><a href=\"https:\/\/www.merkur.de\/lokales\/muenchen\/iaa-in-muenchen-geht-weiter-klima-aktivisten-kuendigen-blockade-von-zwoelf-strassen-mit-gehzeugen-an-92503217.html\" target=\"_blank\" rel=\"noreferrer noopener\">IAA in M\u00fcnchen geht weiter: Klima-Aktivisten k\u00fcndigen Blockade von zw\u00f6lf Stra\u00dfen an \u2013 \u201eMahnwache\u201c vor JVA<\/a>, Merkur, 6.9.2023<\/li>\n\n\n\n<li><a href=\"https:\/\/www.spiegel.de\/auto\/automesse-iaa-die-polarisierende-kraft-der-elektroautos-a-1c5f82be-7563-4aba-ac3d-f20609be28b4\" target=\"_blank\" rel=\"noreferrer noopener\">Die polarisierende Kraft der Elektroautos<\/a>, Spiegel, 6.9.2023<\/li>\n\n\n\n<li><a href=\"https:\/\/www.handelsblatt.com\/unternehmen\/industrie\/klimaproteste-klimaaktivisten-stoeren-iaa-rundgang-von-olaf-scholz\/29373662.html\" target=\"_blank\" rel=\"noreferrer noopener\">Klimaaktivisten st\u00f6ren IAA-Rundgang von Olaf Scholz<\/a>, Handelsblatt, 5.9.2023<\/li>\n\n\n\n<li><a href=\"https:\/\/www.sueddeutsche.de\/muenchen\/muenchen-iaa-protest-auto-wasser-mittlerer-ring-klimacamp-1.6194139\" target=\"_blank\" rel=\"noreferrer noopener\">IAA in M\u00fcnchen: Achtung, jetzt geht es richtig los mit den Protesten<\/a>, SZ, 5.9.2023<\/li>\n\n\n\n<li><a href=\"https:\/\/www.reuters.com\/technology\/space\/germany-launch-massive-expansion-ev-charging-network-says-scholz-2023-09-05\/\" target=\"_blank\" rel=\"noreferrer noopener\">Germany\u2019s Scholz praises auto industry amid protests, announces EV expansion law<\/a>, Reuters, 5.9.2023<\/li>\n\n\n\n<li><a href=\"https:\/\/nypost.com\/2023\/09\/05\/greenpeace-disrupts-munich-car-show-as-german-chancellor-calls-protests-irritating\/\" target=\"_blank\" rel=\"noreferrer noopener\">Greenpeace disrupts Munich car show as German chancellor calls protests \u2018irritating\u2019<\/a>, New York Post, 5.9.2023<\/li>\n\n\n\n<li><a href=\"https:\/\/www.br.de\/nachrichten\/bayern\/iaa-protestcamp-startet-blockaden-und-demonstrationen-geplant,ToswiG9\" target=\"_blank\" rel=\"noreferrer noopener\">IAA-Protestcamp: Blockaden und Demonstrationen geplant<\/a>, BR, 5.9.2023<\/li>\n\n\n\n<li><a href=\"https:\/\/www.br.de\/nachrichten\/wirtschaft\/iaa-mobility-muenchen-autoshow-und-proteste,ToaOdId\">Die IAA in M\u00fcnchen \u2013 Autoshow und Proteste<\/a>, BR, 5.9.2023<\/li>\n\n\n\n<li><a href=\"https:\/\/www.stuttgarter-nachrichten.de\/inhalt.protest-aktion-auf-der-iaa-aktivisten-stoeren-kanzler-so-lief-der-scholz-besuch-bei-mercedes.cec1e47e-c93e-49e3-b5fb-0c54d7903fb4.html\" target=\"_blank\" rel=\"noreferrer noopener\">Aktivisten st\u00f6ren Kanzler: So lief der Scholzbesuch bei Mercedes<\/a>, Stuttgarter Nachrichten, 5.9.2023<\/li>\n\n\n\n<li><a href=\"https:\/\/www.telepolis.de\/features\/IAA-Mobility-Muenchen-im-Zeichen-von-Automobilismus-und-Klimaprotest-9294883.html\" target=\"_blank\" rel=\"noreferrer noopener\">M\u00fcnchen im Zeichen von Automobilismus und Klimaprotest<\/a>, Telepolis, 5.9.2023<\/li>\n\n\n\n<li><a href=\"https:\/\/www.stern.de\/panorama\/video-klimaziele-gehen-in-rauch-auf---protest-bei-der-automesse-iaa-33798824.html\" target=\"_blank\" rel=\"noreferrer noopener\">Klimaziele gehen in Rauch auf<\/a>, Stern, 5.9.2023<\/li>\n\n\n\n<li><a href=\"https:\/\/www.stuttgarter-nachrichten.de\/inhalt.iaa-2023-in-muenchen-klimaaktivisten-setzen-mit-protest-erste-zeichen.78d6c90d-fcd7-42ad-b76c-2aa6114e5dac.html\" target=\"_blank\" rel=\"noreferrer noopener\">Klimaaktivisten setzen mit Protest erste Zeichen<\/a>, Stuttgarter Nachrichten, 4.9.2023<\/li>\n\n\n\n<li><a href=\"https:\/\/www.tagesschau.de\/inland\/regional\/badenwuerttemberg\/swr-klimaaktivisten-protestieren-gegen-iaa-100.html\" target=\"_blank\" rel=\"noreferrer noopener\">Klimaaktivisten protestieren gegen IAA<\/a>, Tagesschau, 4.9.2023<\/li>\n\n\n\n<li><a href=\"https:\/\/www.mdr.de\/brisant\/proteste-iaa-muenchen-100.html\">Proteste in M\u00fcnchen vor Start der IAA<\/a>, Tagesschau, 4.9.2023<\/li>\n\n\n\n<li><a href=\"https:\/\/taz.de\/IAA-Automesse-in-Muenchen\/!5955112\/\" target=\"_blank\" rel=\"noreferrer noopener\">Luxusschlitten und Spritschleudern<\/a>, taz, 4.9.2023<\/li>\n\n\n\n<li><a href=\"https:\/\/www.faz.net\/aktuell\/wirtschaft\/auto-verkehr\/iaa-in-muenchen-so-viel-protest-erntet-die-automesse-19141757.html\" target=\"_blank\" rel=\"noreferrer noopener\">Viel Protest gegen die Automesse IAA<\/a>, FAZ, 3.9.2023<\/li>\n<\/ul>\n\n\n\n<h3 class=\"wp-block-heading\"><strong>Vorberichterstattung<\/strong><\/h3>\n\n\n\n<ul class=\"wp-block-list\">\n<li><a href=\"https:\/\/www.tz.de\/muenchen\/stadt\/hallo-muenchen\/iaa-protest-camp-luitpoldpark-sorgen-muenchen-schaeden-theresienwiese-92481576.html\" target=\"_blank\" rel=\"noreferrer noopener\">Umweltsch\u00e4den durch Klimasch\u00fctzer? Sorgen in M\u00fcnchen wegen IAA-Protestcamp im Luitpoldpark<\/a>, tz, 25.08.2023<\/li>\n\n\n\n<li><a href=\"https:\/\/www.berliner-zeitung.de\/news\/letzte-generation-lehnt-einladung-zur-automesse-iaa-ab-das-ist-die-begruendung-li.382122\" target=\"_blank\" rel=\"noreferrer noopener\">Letzte Generation lehnt Einladung zur Automesse IAA ab<\/a>, Berliner Zeitung, 24.08.2023<\/li>\n\n\n\n<li><a href=\"https:\/\/taz.de\/Proteste-gegen-Automesse\/!5955741\/\" target=\"_blank\" rel=\"noreferrer noopener\">IAA soll blockiert werden<\/a>, taz, 23.08.2023<\/li>\n\n\n\n<li><a href=\"https:\/\/www.merkur.de\/lokales\/muenchen\/iaa-in-muenchen-klimaaktivisten-kuendigen-protest-an-92476422.html\" target=\"_blank\" rel=\"noreferrer noopener\">IAA in M\u00fcnchen: Klimaaktivisten k\u00fcndigen Protest an, fordern \u201eEnde der Autoproduktion\u201c,&nbsp;<\/a>Merkur, 23.08.2023<\/li>\n\n\n\n<li><a href=\"https:\/\/www.nachrichten-muenchen.com\/iaa-mobility-praesentiert-kostenlose-live-konzerte-auf-dem-muenchner-koenigsplatz\/195577\/\" target=\"_blank\" rel=\"noreferrer noopener\">IAA Mobility pr\u00e4sentiert Live-Konzerte auf dem K\u00f6nigsplatz<\/a>, Nachrichten M\u00fcnchen, 22.08.2023<\/li>\n\n\n\n<li><a href=\"https:\/\/taz.de\/Autolobby-und-Letzte-Generation-auf-IAA\/!5950346\/\" target=\"_blank\" rel=\"noreferrer noopener\">Einladung mit Haken \u2013 Letzte Generation bei der IAA?,<\/a>&nbsp;taz, 17.08.2023<\/li>\n\n\n\n<li><a href=\"https:\/\/www.sueddeutsche.de\/muenchen\/muenchen-iaa-mobility-protestcamp-luitpoldpark-1.6132963\" target=\"_blank\" rel=\"noreferrer noopener\">IAA-Gegner schlagen Protestcamp im Luitpolpark auf<\/a>, SZ, 16.08.2023<\/li>\n\n\n\n<li><a href=\"https:\/\/www.br.de\/nachrichten\/bayern\/iaa-2021-journalisten-von-polizei-rechtswidrig-festgehalten,TmWLXAF\" target=\"_blank\" rel=\"noreferrer noopener\">IAA 2021: Journalisten von Polizei rechtswidrig festgehalten<\/a>, BR, 10.8.2023<\/li>\n\n\n\n<li><a href=\"https:\/\/www.tz.de\/muenchen\/stadt\/hallo-muenchen\/letzte-generation-klima-proteste-bayern-muenchen-aktivisten-iaa-aktionen-92452856.html\" target=\"_blank\" rel=\"noreferrer noopener\">Letzte Generation plant Proteste in ganz Bayern und haben auch M\u00fcnchen im Visier<\/a>, tz, 10.8.2023<\/li>\n\n\n\n<li><a href=\"https:\/\/www.sueddeutsche.de\/muenchen\/natalie-portman-iaa-muenchen-1.6104885\" target=\"_blank\" rel=\"noreferrer noopener\">Natalie Portman tritt bei der IAA Mobility auf<\/a>, SZ, 7.8.2023<\/li>\n\n\n\n<li><a href=\"https:\/\/www.sueddeutsche.de\/muenchen\/muenchen-iaa-mobility-open-spaces-1.6089680?reduced=true\" target=\"_blank\" rel=\"noreferrer noopener\">Wie die Automesse den \u00f6ffentlichen Raum besetzt<\/a>, SZ, 2.8.2023<\/li>\n\n\n\n<li><a href=\"https:\/\/www.derstandard.at\/story\/3000000181170\/vom-gro223en-leiden-f252r-die-wende-bei-energie?ref=instagram\" target=\"_blank\" rel=\"noreferrer noopener\">Wer f\u00fcr unsere E-Mobilit\u00e4t leidet \u2013 Lokalaugenschein in einer Mine im Kongo<\/a>, Der Standard, 1.8.2023<\/li>\n\n\n\n<li><a href=\"https:\/\/www.abendzeitung-muenchen.de\/muenchen\/die-stadt-war-dagegen-die-iaa-bekommt-mehr-platz-in-muenchens-innenstadt-art-918222\" target=\"_blank\" rel=\"noreferrer noopener\">Die Stadt war dagegen \u2013 IAA bekommt mehr Platz in der M\u00fcnchner Innenstadt<\/a>, AZ, 1.8.2023<\/li>\n\n\n\n<li><a href=\"https:\/\/www.sueddeutsche.de\/muenchen\/muenchen-iaa-klimaaktivisten-germering-1.5761640\" target=\"_blank\" rel=\"noreferrer noopener\">Protest gegen die Automesse IAA in M\u00fcnchen,&nbsp;<\/a>Abendzeitung, 24.7.2023<\/li>\n\n\n\n<li><a href=\"https:\/\/www.dmm.travel\/nc\/news\/wieder-protestaktionen-zur-iaa-mobility\" target=\"_blank\" rel=\"noreferrer noopener\">Wieder Protestaktionen zur IAA Mobility?<\/a>, Mobilit\u00e4tsmanager, 19.7.2023<\/li>\n\n\n\n<li><a href=\"https:\/\/www.t-online.de\/region\/muenchen\/id_100209476\/muenchen-gegner-der-automesse-iaa-planen-bereits-protestcamp-.html\" target=\"_blank\" rel=\"noreferrer noopener\">Gegner der Automesse IAA planen schon ihr Protestcamp<\/a>, T-Online, 18.7.2023<\/li>\n\n\n\n<li><a href=\"https:\/\/www.welt.de\/wirtschaft\/article246375376\/IAA-crashen-Automesse-in-Muenchen-muss-sich-auf-Proteststurm-einstellen.html\" target=\"_blank\" rel=\"noreferrer noopener\">\u201eEnde des Autozeitalters\u201c \u2013 IAA muss sich auf Crash einstellen<\/a>, Welt, 17.7.2023<\/li>\n\n\n\n<li><a href=\"https:\/\/www.nd-aktuell.de\/artikel\/1174759.eu-lateinamerika-gipfel-celac-treffen-die-schmutzige-seite-von-europas-klimapolitik.html\" target=\"_blank\" rel=\"noreferrer noopener\">Celac-Treffen: Die schmutzige Seite von Europas Klimapolitik<\/a>, ND, 14.7.2023<\/li>\n\n\n\n<li><a href=\"https:\/\/www.sueddeutsche.de\/muenchen\/muenchen-iaa-1.6026347\" target=\"_blank\" rel=\"noreferrer noopener\">IAA mit \u201eradikal ge\u00e4ndertem Konzept\u201c<\/a>, SZ, 13.7.2023<\/li>\n\n\n\n<li><a href=\"https:\/\/www.br.de\/nachrichten\/wirtschaft\/messe-iaa-mobility-2023-auto-probefahrten-und-fahrradrundkurs,TaYz6TJ\" target=\"_blank\" rel=\"noreferrer noopener\">Auto-Probefahrten und Fahrradrundkurs<\/a>, BR, 6.4.2023<\/li>\n\n\n\n<li><a href=\"https:\/\/www.sueddeutsche.de\/muenchen\/muenchen-iaa-klimaaktivisten-germering-1.5761640\" target=\"_blank\" rel=\"noreferrer noopener\">Br\u00fcckenkletterer zu geringer Geldstrafe verurteilt<\/a>, SZ, 2.3.2023<\/li>\n<\/ul>\n\n\n\n<h2 class=\"wp-block-heading\">Pressespiegel blockIAA2021<\/h2>\n\n\n\n<h3 class=\"wp-block-heading\"><strong>Die Wochen danach<\/strong><\/h3>\n\n\n\n<ul class=\"wp-block-list\">\n<li><a href=\"https:\/\/www.br.de\/mediathek\/podcast\/zuendfunk-generator\/podcast-generator-climate-justice-und-noch-mehr\/1839300\">Wie wir den Klimawandel und dabei auch den Kapitalismus aufhalten<\/a>, BR, 15.10.2021<\/li>\n\n\n\n<li><a href=\"https:\/\/isoe.blog\/verkehrswende-gerechtigkeit-profit-die-iaa-mobility-und-der-konflikt-um-die-mobilitaetswende\/\">Die IAA-Mobility und der Konflikt um die Mobilit\u00e4tswende<\/a>, isoe blog, 15.10.2021<\/li>\n\n\n\n<li><a href=\"https:\/\/www.freie-radios.net\/111682\">IAA \u2013 Nachbesprechung und Protest<\/a>, freie radios, 14.10.2021<\/li>\n\n\n\n<li><a href=\"https:\/\/www.sueddeutsche.de\/muenchen\/muenchen-iaa-2023-stadtrat-1.5437240\">Weniger Show<\/a>, SZ, 12.10.2021<\/li>\n\n\n\n<li><a href=\"https:\/\/www.br.de\/nachrichten\/bayern\/stadtratssitzung-zu-iaa-kritiker-fordern-mehr-nachhaltigkeit,SldimeB\">Stadtratssitzung zu IAA: Kritiker fordern mehr Nachhaltigkeit<\/a>, BR, 12.10.2021<\/li>\n\n\n\n<li><a href=\"https:\/\/open.spotify.com\/episode\/0uGUU5DM6nQyqAGscDqUpd?si=n-X2x_1wQFK7oqe1D6jw2w&amp;utm_source=copy-link&amp;dl_branch=1&amp;nd=1\">Gewaltfreie Proteste auf der IAA<\/a>, Freifahrt Podcast, 12.10.2021<\/li>\n\n\n\n<li><a href=\"https:\/\/www.sueddeutsche.de\/muenchen\/muenchen-iaa-2023-neuauflage-1.5436210\">IAA in M\u00fcnchen: So nicht noch Mal<\/a>, SZ, 11.10.2021<\/li>\n\n\n\n<li><a href=\"https:\/\/www.abendzeitung-muenchen.de\/muenchen\/iaa-in-muenchen-neues-protestcamp-gegen-automesse-2023-art-762738\">IAA in M\u00fcnchen: Neues Protestcamp gegen Automesse 2023<\/a>, AZ, 11.10.2021<\/li>\n\n\n\n<li><a href=\"https:\/\/www.abendzeitung-muenchen.de\/muenchen\/krach-im-stadtrat-iaa-2023-bleibt-wohl-auf-ganz-muenchen-verteilt-art-761673\">Krach im Stadtrat<\/a>, AZ, 07.10.2021<\/li>\n\n\n\n<li><a href=\"https:\/\/www.n-tv.de\/auto\/Die-klassische-Autobranche-schafft-sich-ab-article22841881.html\">IAA mit viel Sand im Getriebe<\/a>, ntv, 06.10.2021<\/li>\n\n\n\n<li><a href=\"https:\/\/www.sozonline.de\/2021\/10\/die-iaa-war-ein-erfolg-fuer-ihre-gegner\/\">Die IAA war ein Erfolg \u2013 f\u00fcr ihre Gegner<\/a>, SoZ, 01.10.2021<\/li>\n\n\n\n<li><a href=\"https:\/\/www.abendzeitung-muenchen.de\/muenchen\/iaa-polizeieinsaetze-die-linke-fordert-aufklaerung-art-760087\">IAA-Polizeieins\u00e4tze: Die Linke fordert Aufkl\u00e4rung<\/a>, AZ, 29.09.2021<\/li>\n\n\n\n<li><a href=\"https:\/\/taz.de\/Mehr-Radikalitaet-bei-Klimaprotesten\/!5795824\/\">Seid Sand im Getriebe!<\/a>, taz, 13.09.2021<\/li>\n\n\n\n<li><a href=\"https:\/\/taz.de\/Bilanz-der-IAA-Proteste\/!5795905\/\">Alle sprechen von Erfolg<\/a>, taz, 12.09.2021<\/li>\n\n\n\n<li><a href=\"https:\/\/www.welt.de\/wirtschaft\/article233742238\/IAA-Wenn-Aktivisten-das-Hochamt-der-Autoindustrie-kapern.html\">Wenn Aktivisten das Hochamt der Autoindustrie kapern<\/a>, Welt, 12.09.202<\/li>\n<\/ul>\n\n\n\n<h3 class=\"wp-block-heading\"><strong>#BlockIAA M\u00fcnchen 10-11. September<\/strong><\/h3>\n\n\n\n<ul class=\"wp-block-list\">\n<li><a href=\"https:\/\/www.heise.de\/tp\/features\/Ausgebremste-Autoshow-6189695.html\">Ausgebremste Autoshow<\/a>, Heise Online, 11.09.2021<\/li>\n\n\n\n<li><a href=\"https:\/\/taz.de\/Automesse-IAA-in-Muenchen\/!5797084\/\">Drinnen Kresse, drau\u00dfen Protest<\/a>, taz, 11.09.2021<\/li>\n\n\n\n<li><a href=\"https:\/\/www.sueddeutsche.de\/muenchen\/muenchen-iaa-demo-protest-samstag-bilanz-1.5407699\">IAA-Protest in M\u00fcnchen<\/a>, SZ, 11.09.2021<\/li>\n\n\n\n<li><a href=\"https:\/\/www.faz.net\/aktuell\/polizei-mit-grossaufgebot-bei-demo-und-radsternfahrt-gegen-iaa-17532660.html\">Tausende demonstrieren gegen die IAA in M\u00fcnchen<\/a>, FAZ, 11.09.2021<\/li>\n\n\n\n<li><a href=\"https:\/\/www.augsburger-allgemeine.de\/bayern\/Anti-IAA-Demonstration-Tausende-protestieren-IAA-Demo-in-Muenchen-erreicht-ihren-Hoehepunkt-id60526201.html\">Tausende protestieren<\/a>, Augsburger Allgemeine, 11.09.2021<\/li>\n\n\n\n<li><a href=\"https:\/\/rdl.de\/beitrag\/sondersendung-zu-den-protesten-gegen-die-iaa-m-nchen\">Unterwegs auf den IAA-Protesten<\/a>, Radio Dreyeckland, 11.09.2021<\/li>\n\n\n\n<li><a href=\"https:\/\/taz.de\/Aktionen-gegen-Automesse-IAA\/!5800060\/\">\u201eJeder Protest im Keim erstickt\u201c<\/a>, taz, 10.09.2021<\/li>\n\n\n\n<li><a href=\"https:\/\/www.faz.net\/-gum-afqqo\">Polizei setzt Schlagst\u00f6cke und Pfefferspray ein<\/a>, FAZ, 10.09.2021<\/li>\n\n\n\n<li>Proteste gegen IAA \u2013 Polizei setzt Schlagst\u00f6cke ein,&nbsp;<a href=\"https:\/\/www.sueddeutsche.de\/politik\/demonstrationen-proteste-gegen-iaa-polizei-setzt-schlagstoecke-ein-dpa.urn-newsml-dpa-com-20090101-210910-99-168915\">SZ<\/a>,&nbsp;<a href=\"https:\/\/www.abendzeitung-muenchen.de\/mehr\/proteste-gegen-iaa-polizei-setzt-schlagstoecke-ein-art-755630\">AZ<\/a>&nbsp;via dpa 10.09.2021<\/li>\n\n\n\n<li><a href=\"https:\/\/www.spiegel.de\/wirtschaft\/unternehmen\/muenchen-polizei-geht-mit-schlagstoecken-gegen-anti-iaa-demonstranten-vor-a-0874804c-83e5-428d-b953-22819f9cf349\">Polizei geht mit Schlagst\u00f6cken gegen Anti-IAA-Demonstranten vor<\/a>, Spiegel, 10.09.2021<\/li>\n\n\n\n<li><a href=\"https:\/\/www.sueddeutsche.de\/muenchen\/muenchen-iaa-proteste-polizei-1.5406838\">Scharm\u00fctzel um die IAA<\/a>, SZ, 10.09.2021<\/li>\n\n\n\n<li><a href=\"https:\/\/www.heise.de\/tp\/features\/IAA-Polizei-geht-mit-grosser-Haerte-gegen-Proteste-vor-6189553.html\">IAA: Polizei geht mit gro\u00dfer H\u00e4rte gegen Proteste vor<\/a>, Telepolis, 10.09.2021<\/li>\n\n\n\n<li><a href=\"https:\/\/www.br.de\/nachrichten\/bayern\/polizei-geht-mit-schlagstoecken-gegen-iaa-demonstranten-vor,SiavXCZ?UTM_Name=Web-Share&amp;UTM_Source=Link&amp;UTM_Medium=Link\">Polizei geht mit Schlagst\u00f6cken gegen IAA-Demonstranten vor<\/a>, br, 10.09.2021<\/li>\n\n\n\n<li><a href=\"https:\/\/www.zeit.de\/politik\/deutschland\/2021-09\/automesse-iaa-mobility-muenchen-aktivisten-besetzen-haus\">IAA-Gegner besetzen Haus in M\u00fcnchen<\/a>, Zeit, 10.09.2021<\/li>\n\n\n\n<li><a href=\"https:\/\/www.tz.de\/muenchen\/stadt\/hallo-muenchen\/iaa-proteste-chaos-muenchen-haus-karlstrasse-bluelane-polizei-aktivisten-autobahn-pfefferspray-theresienwiese-90973822.html\">IAA-Chaos in M\u00fcnchen<\/a>, tz, 10.09.2021<\/li>\n\n\n\n<li><a href=\"https:\/\/www.zeit.de\/politik\/deutschland\/2021-09\/automesse-iaa-mobility-muenchen-aktivisten-besetzen-haus?utm_referrer=https%3A%2F%2Fwww.google.com%2F\">Polizei setzt Schlagst\u00f6cke und Pfefferspray gegen IAA-Gegner ein<\/a>, Zeit,10.09.2021<\/li>\n\n\n\n<li><a href=\"https:\/\/www.sueddeutsche.de\/bayern\/demonstrationen-muenchen-proteste-gegen-iaa-polizei-setzt-schlagstoecke-ein-dpa.urn-newsml-dpa-com-20090101-210910-99-165214\">Polizei an Absperrung mit Schlagst\u00f6cken gegen IAA-Kritiker<\/a>, SZ, 10.09.2021<\/li>\n\n\n\n<li><a href=\"https:\/\/www.sueddeutsche.de\/muenchen\/muenchen-iaa-pfefferspray-polizei-odeonsplatz-1.5405834?reduced=true\">Aktivisten blockieren IAA-Stand am Odeonsplatz<\/a>, SZ, 10.09.2021<\/li>\n\n\n\n<li><a href=\"https:\/\/www.tagesspiegel.de\/politik\/proteste-gegen-iaa-polizei-setzt-schlagstoecke-und-pfefferspray-gegen-demonstrierende-ein\/27601356.html\">Polizei setzt Schlagst\u00f6cke und Pfefferspray gegen Demonstrierende ein<\/a>, Tagesspiegel, 10.09.2021<\/li>\n\n\n\n<li><a href=\"https:\/\/www.golem.de\/news\/iaa-die-greenwashing-party-der-deutschen-autoindustrie-crashen-2109-159436.html\">\u201eDie Greenwashing-Party der deutschen Autoindustrie crashen\u201c<\/a>, golem, 10.09.2021<\/li>\n\n\n\n<li><a href=\"https:\/\/www.aachener-nachrichten.de\/politik\/deutschland\/proteste-gegen-iaa-zusammenstoesse-und-pfefferspray_aid-62672331\">Proteste gegen IAA: Zusammenst\u00f6\u00dfe und Pfefferspray<\/a>, Aachener Nachrichten, 10.09.2021<\/li>\n\n\n\n<li><a href=\"https:\/\/de.euronews.com\/2021\/09\/10\/klimakiller-party-proteste-gegen-automesse-iaa-2021-in-munchen\">\u201eKlimakiller-Party\u201c<\/a>, euronews, 10.09.2021<\/li>\n\n\n\n<li><a href=\"https:\/\/taz.de\/Stoerer-bei-Automesse-in-Muenchen\/!5795867\/\">Polizei st\u00f6rt Protest gegen IAA<\/a>, taz, 09.09.2021<\/li>\n<\/ul>\n\n\n\n<hr class=\"wp-block-separator has-alpha-channel-opacity\"\/>\n\n\n\n<h3 class=\"wp-block-heading\"><strong>Vorberichterstattung zur IAA-Aktion 2021<\/strong><\/h3>\n\n\n\n<ul class=\"wp-block-list\">\n<li><a href=\"https:\/\/www.sueddeutsche.de\/muenchen\/muenchen-iaa-gegner-theresienwiese-uebung-polizei-1.5405661?reduced=true\">\u201eEs ist Aktionskonsens, dass von uns keine Eskalation ausgeht\u201c<\/a>, SZ, 09.09.2021<\/li>\n\n\n\n<li><a href=\"https:\/\/www.abendzeitung-muenchen.de\/muenchen\/iaa-gegner-proben-auf-der-theresienwiese-fuer-die-konfrontation-mit-der-polizei-art-755397\">IAA-Gegner proben auf der Theresienwiese f\u00fcr die Konfrontation mit der Polizei<\/a>, AZ, 09.09.2021<\/li>\n\n\n\n<li><a href=\"https:\/\/www.spiegel.de\/auto\/iaa-2021-warum-die-messe-so-politisch-wie-nie-ist-a-69818364-fbaa-4894-bb50-82d7e327affc\">Sieht so wirklich die Zukunft aus?<\/a>, Spiegel, 08.09.2021<\/li>\n\n\n\n<li><a href=\"https:\/\/www.sueddeutsche.de\/muenchen\/iaa-proteste-verkehrspolitik-klimawandel-kommentar-1.5403777\">Warnung vor dem Kollaps<\/a>, SZ, 07.09.2021<\/li>\n\n\n\n<li><a href=\"https:\/\/taz.de\/Protest-gegen-Automesse-IAA\/!5797137\/\">Gro\u00dfe Mobilisierung<\/a>, taz, 07.09.2021<\/li>\n\n\n\n<li><a href=\"https:\/\/www.stern.de\/auto\/verpatzter-iaa-neustart---jetzt-hat-muenchen-die-problemmesse-am-hals-30720020.html\">Verpatzter IAA-Neustart \u2013 Jetzt hat M\u00fcnchen die Problemmesse am Hals<\/a>, Welt, 07.09.2021<\/li>\n\n\n\n<li><a href=\"https:\/\/www.deutschlandfunk.de\/iaa-erstmals-in-muenchen-neues-konzept-ueberzeugt-kritiker.769.de.html?dram:article_id=502717\">Neues Konzept \u00fcberzeugt Kritiker nicht<\/a>, DLF, 06.09.2021<\/li>\n\n\n\n<li><a href=\"https:\/\/www.zdf.de\/nachrichten\/wirtschaft\/iaa-automobil-ausstellung-protest-100.html\">B\u00fcndnis will IAA blockieren<\/a>, ZDF, 06.09.2021<\/li>\n\n\n\n<li><a href=\"https:\/\/www.sueddeutsche.de\/wirtschaft\/verkehr-iaa-gegner-planen-protest-und-blockaden-dpa.urn-newsml-dpa-com-20090101-210906-99-111292\">IAA-Gegner planen Protest und Blockaden<\/a>, SZ, 06.09.2021<\/li>\n\n\n\n<li><a href=\"https:\/\/www.abendzeitung-muenchen.de\/muenchen\/iaa-protestbuendnis-kuendigt-stoerungen-fuer-freitag-an-art-754589\">IAA: Protestb\u00fcndnis k\u00fcndigt St\u00f6rungen f\u00fcr Freitag an<\/a>, AZ, 06.09.2021<\/li>\n\n\n\n<li><a href=\"https:\/\/www.sueddeutsche.de\/muenchen\/muenchen-iaa-protest-demos-camp-1.5401556\">\u201eSand im Getriebe\u201c ist manchen zu wenig<\/a>, SZ, 05.09.2021<\/li>\n\n\n\n<li>Der Protest verfolgt die IAA,&nbsp;<a href=\"https:\/\/www.welt.de\/newsticker\/dpa_nt\/infoline_nt\/wirtschaft_nt\/article233551454\/Der-Protest-verfolgt-die-IAA-Warnung-vor-Gewalt.html\">Welt<\/a>,&nbsp;<a href=\"https:\/\/www.zeit.de\/news\/2021-09\/03\/polizei-rechnet-zur-iaa-mit-groesstem-einsatz-in-20-jahren\">Zeit<\/a>,<a href=\"https:\/\/www.stuttgarter-zeitung.de\/inhalt.autoindustrie-der-protest-verfolgt-die-iaa.b0c4f206-13ac-40da-b4b8-e94a6e12b008.html\">&nbsp;Stuttgarter Zeitung<\/a>&nbsp;via DPA, 03.09.2021\/04.09.2021<\/li>\n\n\n\n<li><a href=\"https:\/\/www.faz.net\/aktuell\/technik-motor\/motor\/messen-caravan-und-iaa-fest-und-cholera-17504135.html\">Fest und Cholera<\/a>, FAZ, 29.08.2021<\/li>\n\n\n\n<li><a href=\"https:\/\/www.stuttgarter-zeitung.de\/inhalt.klimaaktivisten-bei-der-automesse-iaa-systematisch-gegen-autos.db2a979a-9ab3-4aaa-b090-6ebb26f76b71.html?reduced=true\">Systematisch gegen Autos<\/a>, Stuttgarter Zeitung, 29.08.2021<\/li>\n\n\n\n<li><a href=\"https:\/\/www.sueddeutsche.de\/muenchen\/muenchen-iaa-protest-autos-demo-1.5388980\">IAA in diesen Zeiten? \u2013 \u201eEigentlich eine Katastrophe\u201c<\/a>, SZ, 22.08.2021<\/li>\n\n\n\n<li><a href=\"https:\/\/www.sueddeutsche.de\/muenchen\/muenchen-iaa-theresienwiese-protestcamp-kommentar-1.5382551\">Wo denn sonst?<\/a>, SZ, 16.08.2021<\/li>\n\n\n\n<li><a href=\"https:\/\/www.sueddeutsche.de\/muenchen\/muenchen-iaa-protest-theresienwiese-camp-1.5382549\">Klimaaktivisten fordern Platz f\u00fcr Protest<\/a>, SZ, 16.08.2021<\/li>\n\n\n\n<li><a href=\"https:\/\/www.sueddeutsche.de\/muenchen\/muenchen-iaa-proteste-klimabewegung-ankuendigung-1.5381332\">Die Protesbewegung gegen die IAA l\u00e4uft sich warm<\/a>, SZ, 14.08.2021<\/li>\n\n\n\n<li><a href=\"https:\/\/www.focus.de\/auto\/automessen\/iaa-2021-in-muenchen-oeko-vereine-kuendigen-blockaden-an-droht-der-iaa-eine-neue-krawall-messe_id_13555542.html\">Linksextreme wollen Auto-Messe blockieren<\/a>, Focus Online, 13.08.2021<\/li>\n\n\n\n<li><a href=\"https:\/\/www.spiegel.de\/auto\/iaa-klimaschuetzer-rufen-zum-protest-gegen-neues-konzept-der-automesse-auf-a-6d9f7935-2bef-4250-b711-1263adf4660d\">Klimaaktivisten rufen zum Protest gegen neue IAA auf<\/a>, Spiegel, 13.08.2021<\/li>\n\n\n\n<li><a href=\"https:\/\/taz.de\/Demonstration-von-Fridays-for-Future\/!5788300\/\">Sp\u00e4tsommer der Klimaproteste<\/a>, taz, 11.08.2021<\/li>\n\n\n\n<li>Autogegner rufen zu IAA-Blockaden auf,&nbsp;<a href=\"https:\/\/www.zeit.de\/news\/2021-08\/10\/aufruf-zu-iaa-blockaden-autokonzerne-entmachten\">Zeit Online<\/a>,&nbsp;<a href=\"https:\/\/www.sueddeutsche.de\/bayern\/auto-muenchen-autogegner-rufen-zu-iaa-blockaden-auf-dpa.urn-newsml-dpa-com-20090101-210810-99-791033\">SZ<\/a>&nbsp;via dpa, 10.08.2021<\/li>\n\n\n\n<li><a href=\"https:\/\/www.heise.de\/news\/IAA-2021-Autogegner-rufen-zu-Messe-Blockaden-auf-Autokonzerne-entmachten-6159997.html\">IAA 2021: Autogegner rufen zu Messe-Blockaden auf<\/a>, Heise Online, 10.08.2021<\/li>\n\n\n\n<li><a href=\"https:\/\/www.abendzeitung-muenchen.de\/muenchen\/iaa-in-muenchen-aktivisten-kuendigen-stoerungen-an-art-748533\">IAA in M\u00fcnchen: Aktivisten k\u00fcndigen St\u00f6rungen an<\/a>, Abendzeitung M\u00fcnchen, 10.08.2021<\/li>\n\n\n\n<li><a href=\"https:\/\/taz.de\/Klimabewegung-versus-IAA\/!5782913\/\">Jetzt gegen das Auto<\/a>, taz, 29.06.2021<\/li>\n<\/ul>\n\n\n\n<h3 class=\"wp-block-heading\"><strong>Bundesweite Mobilit\u00e4tswende-Aktionstage 05.\/06. Juni 2021<\/strong><\/h3>\n\n\n\n<ul class=\"wp-block-list\">\n<li><a href=\"https:\/\/taz.de\/Anti-Autobahn-Protest-in-Berlin\/!5772966\/\" target=\"_blank\" rel=\"noreferrer noopener\">Das Recht auf Blockade<\/a>, taz, 06.06.2021<\/li>\n\n\n\n<li><strong>Video:<\/strong>&nbsp;<a href=\"https:\/\/www.rbb24.de\/panorama\/beitrag\/av7\/video-berlin-neukoelln-autobahn-a100-proteste-klimaaktivisten.html\" target=\"_blank\" rel=\"noreferrer noopener\">Klimaaktivisten blockieren Baustelle der A100<\/a>, rbb, 06.06.2021<\/li>\n\n\n\n<li><a href=\"https:\/\/www.tagesspiegel.de\/berlin\/wegen-a100-ausbau-enteignet-weil-zwei-behoerden-streiten-gehen-berliner-mieter-leer-aus\/27259322.html\" target=\"_blank\" rel=\"noreferrer noopener\">Weil zwei Beh\u00f6rden streiten, gehen Berliner Mieter leer aus<\/a>, Tagesspiegel, 06.06.2021<\/li>\n\n\n\n<li><a href=\"https:\/\/www.nd-aktuell.de\/artikel\/1152914.stopp-der-a-autobahn-war-gestern.html\" target=\"_blank\" rel=\"noreferrer noopener\">Autobahn war gestern<\/a>, Neues Deutschland, 06.06.2021<\/li>\n\n\n\n<li><a href=\"https:\/\/www.rbb24.de\/politik\/beitrag\/2021\/06\/demonstration-autobahngegner-elbbruecke-b189-gesperrt.html\" target=\"_blank\" rel=\"noreferrer noopener\">Elbbr\u00fccke bei Wittenberge f\u00fcr Autobahngegner-Demo zeitweise gesperrt<\/a>, rbb, 06.06.2021<\/li>\n\n\n\n<li><strong>Video:<\/strong>&nbsp;<a href=\"https:\/\/www.youtube.com\/watch?v=sVpRSS7Xc2g\" target=\"_blank\" rel=\"noreferrer noopener\">Berlin vs. Autobahn \u2013 Hitze, Widerstand und Pressezensur<\/a>, Komm:on, 05.06.2021<\/li>\n\n\n\n<li><a href=\"https:\/\/video.tagesspiegel.de\/demo-gegen-den-ausbau-der-stadtautobahn-in-berlin.html\" target=\"_blank\" rel=\"noreferrer noopener\">Demo gegen den Ausbau der Stadtautobahn in Berlin<\/a>, Tagesspiegel, 05.06.2021<\/li>\n\n\n\n<li><a href=\"https:\/\/www.rbb-online.de\/abendschau\/videos\/20210605_1930\/Demo_Weiterbau_A100.html\" target=\"_blank\" rel=\"noreferrer noopener\">A100 Hunderte gegen den Weiterbau<\/a>, rbb, 05.06.2021<\/li>\n\n\n\n<li><strong>Video:<\/strong>&nbsp;<a href=\"https:\/\/www.sueddeutsche.de\/politik\/klimaschutz-berliner-stadtautobahn-sorgt-fuer-diskussionen-1.5313262\" target=\"_blank\" rel=\"noreferrer noopener\">Klimaschutz \u2013 Berliner Stadtautobahn sorgt f\u00fcr Diskussionen<\/a>, SZ, 05.06.2021<\/li>\n\n\n\n<li><a href=\"https:\/\/www.spiegel.de\/panorama\/berlin-journalistenverband-kritisiert-massive-behinderung-von-pressevertretern-a-a8264b3b-38e1-445d-8e58-8179a2112e6e\" target=\"_blank\" rel=\"noreferrer noopener\">Journalistenverband kritisiert \u00bbmassive\u00ab Behinderung durch Berliner Polizei<\/a>, Spiegel-Online, 05.06.2021<\/li>\n\n\n\n<li><a href=\"https:\/\/www.rbb24.de\/politik\/beitrag\/2021\/06\/berlin-blockade-a100-neukoelln-umweltschutz.html\">Klimaaktivisten blockieren Baustelle der A100 in Neuk\u00f6lln<\/a>, rbb, 05.06.2021<\/li>\n\n\n\n<li><a href=\"https:\/\/taz.de\/Ziviler-Ungehorsam-bei-Klimaprotesten\/!5772864\/\" target=\"_blank\" rel=\"noreferrer noopener\">Ziviler Ungehorsam bei Klimaprotesten: Die Helden von morgen<\/a>, taz, 05.06.2021<\/li>\n\n\n\n<li><a href=\"https:\/\/taz.de\/Aktionstage-fuer-Verkehrswende\/!5776491\/\" target=\"_blank\" rel=\"noreferrer noopener\">Aktionstage f\u00fcr Verkehrswende: Picknick auf der A100-Baustelle<\/a>, taz, 05.06.2021<\/li>\n\n\n\n<li><a href=\"https:\/\/www.sueddeutsche.de\/politik\/demonstrationen-berlin-klimaaktivisten-besetzen-autobahn-in-berlin-neukoelln-dpa.urn-newsml-dpa-com-20090101-210605-99-871198\" target=\"_blank\" rel=\"noreferrer noopener\">Klimaaktivisten besetzen Autobahn in Berlin-Neuk\u00f6lln<\/a>, SZ, 05.06.2021<\/li>\n\n\n\n<li><a href=\"https:\/\/taz.de\/Aktionstage-fuer-Verkehrswende\/!5776491\/\" target=\"_blank\" rel=\"noreferrer noopener\">A100-Baustelle in Berlin besetzt<\/a>, taz, 05.06.2021<\/li>\n\n\n\n<li><a href=\"https:\/\/www.tagesspiegel.de\/berlin\/protest-im-autobahntrog-klimaaktivisten-besetzen-a100-baustelle-in-berlin\/27258420.html\" target=\"_blank\" rel=\"noreferrer noopener\">Klimaaktivisten besetzen A100-Baustelle in Berlin<\/a>, Tagesspiegel, 05.06.2021<\/li>\n\n\n\n<li><a href=\"https:\/\/www.morgenpost.de\/berlin\/article232458213\/Naechste-Proteste-Buendnis-will-A100-Baustelle-blockieren.html\" target=\"_blank\" rel=\"noreferrer noopener\">A100-Baustelle blockiert \u2013 Aktivist:innen vorl\u00e4ufig festgenommen<\/a>, Berliner Morgenpost, 05.06.2021<\/li>\n\n\n\n<li><a href=\"https:\/\/www.rbb24.de\/politik\/beitrag\/2021\/06\/berlin-a100-verlaengerung-16-17-bauabschnitt-linke-gruene-loetzsch-guenther-moritz.html\" target=\"_blank\" rel=\"noreferrer noopener\">Links-gr\u00fcne \u00dcberholman\u00f6ver auf einer unfertigen Autobahn<\/a>, RBB24, 05.06.2021<\/li>\n\n\n\n<li><a href=\"https:\/\/www.morgenpost.de\/berlin\/article232417019\/Aktivisten-wollen-Ausbau-der-A100-blockieren.html\" target=\"_blank\" rel=\"noreferrer noopener\">Aktivisten wollen Ausbau der A100 blockieren<\/a>, Berliner Morgenpost, 04.06.2021<\/li>\n\n\n\n<li><a href=\"https:\/\/www.morgenpost.de\/berlin\/article232417019\/Aktivisten-wollen-Ausbau-der-A100-blockieren.html\">Aktivisten wollen Ausbau der A100 blockieren<\/a>, Berliner Morgenpost, 31.05.2021<\/li>\n\n\n\n<li><a href=\"https:\/\/www.berliner-zeitung.de\/mensch-metropole\/umweltaktivisten-wollen-baustelle-der-autobahn-a100-in-berlin-blockieren-li.161463\">Umweltaktivisten wollen Baustelle der Autobahn A100 in Berlin blockieren,&nbsp;<\/a>Berliner Zeitung, 27.05.2021<\/li>\n\n\n\n<li><a href=\"https:\/\/taz.de\/Anti-Autobahn-Aktionstag\/!5770994&amp;s=a100\/\">Anti-Autobahn-Aktionstag: Mit Maleranz\u00fcgen auf die A 100<\/a>, taz, 11.05.2021<\/li>\n<\/ul>\n\n\n\n<hr class=\"wp-block-separator has-alpha-channel-opacity\"\/>\n\n\n\n<h2 class=\"wp-block-heading\">2020 und davor<\/h2>\n\n\n\n<hr class=\"wp-block-separator has-alpha-channel-opacity\"\/>\n\n\n\n<ul class=\"wp-block-list\">\n<li><a href=\"https:\/\/taz.de\/Tesla-Fabrik-in-Brandenburg\/!5703392\/\">Tesla-Fabrik in Brandenburg: Nur Elektro reicht nicht<\/a>,&nbsp;<em>taz,<\/em>&nbsp;23.08.2020<\/li>\n\n\n\n<li><a href=\"https:\/\/www.morgenpost.de\/bezirke\/mitte\/article229538226\/Aktivisten-spruehen-Pop-up-Radweg-auf-der-Brunnenstrasse.html\">Aktivisten spr\u00fchen Pop-Up-Radweg auf der Brunnenstra\u00dfe<\/a>,<em>&nbsp;Berliner Morgenpost<\/em>, 17.07.2020<\/li>\n\n\n\n<li><a href=\"https:\/\/www.trailer-ruhr.de\/weniger-autos-auf-den-strassen-thema-0720\">\u00bbIndustrie zu eng mit Politik verbandelt\u00ab<\/a>,&nbsp;<em>Interview mit Marie Klee im Magazin Trailer<\/em>, Juli 2020<\/li>\n\n\n\n<li><a href=\"https:\/\/www.l-iz.de\/politik\/engagement\/2020\/06\/Am-23-Juni-gibt-es-vor-dem-Bundesverwaltungsgericht-eine-Demonstration-zur-Rettung-des-Dannenroeder-Waldes-336555\">Am 23. Juni gibt es vor dem Bundesverwaltungsgericht eine Demonstration zur Rettung des Dannenr\u00f6der Waldes<\/a>,&nbsp;<em>Leipziger Internet Zeitung<\/em>, 19.06.2020<\/li>\n<\/ul>\n\n\n\n<hr class=\"wp-block-separator has-alpha-channel-opacity\"\/>\n\n\n\n<h4 class=\"wp-block-heading\"><strong>Aktionstag #Abfckpr\u00e4mie (29.05.2020)<\/strong><\/h4>\n\n\n\n<ul class=\"wp-block-list\">\n<li>Protest f\u00fcr eine Verkehrswende,&nbsp;<em>Hessische Nieders\u00e4chsische Allgemeine (Print)<\/em>, 30.05.2020<\/li>\n\n\n\n<li><a href=\"https:\/\/www.neues-deutschland.de\/artikel\/1137312.verkehrswende-fahrradweg-gegen-abwrackpraemie.html\">Fahrradweg gegen Abwrackpr\u00e4mie<\/a>,&nbsp;<em>nd,&nbsp;<\/em>30.05.2020<\/li>\n\n\n\n<li><a href=\"https:\/\/www.jungewelt.de\/artikel\/379267.hand-in-hand-gegen-pflegenotstand.html\">Hand in Hand gegen Pflegenotstand<\/a>,&nbsp;<em>junge Welt,&nbsp;<\/em>30.05.2020<\/li>\n\n\n\n<li><a href=\"https:\/\/taz.de\/Proteste-gegen-Auto-Foerderung\/!5689026\/\">Proteste gegen Auto-F\u00f6rderung: Wie die Zombie-Apokalypse<\/a>,<em>&nbsp;taz,&nbsp;<\/em>29.05.2020<\/li>\n\n\n\n<li><a href=\"https:\/\/www.deutschlandfunk.de\/nein-zu-auto-kaufpraemien-aktionen-in-zahlreichen-deutschen.1939.de.html?drn:news_id=1135602\">Nein zu Auto-Kaufpr\u00e4mien: Aktionen in zahlreichen deutschen St\u00e4dten<\/a>,&nbsp;<em>deutschlandfunk,&nbsp;<\/em>29.05.2020<\/li>\n\n\n\n<li><a href=\"https:\/\/www.spiegel.de\/wirtschaft\/autopraemie-tausende-demonstrieren-in-zahlreichen-staedten-a-e9d2b0a7-5bf8-4c85-bda5-73f82f3e695c\">Tausende demonstrieren gegen Autopr\u00e4mie<\/a>,&nbsp;<em>Spiegel.de,<\/em>&nbsp;29.05.2020<\/li>\n\n\n\n<li><a href=\"https:\/\/rdl.de\/beitrag\/fahrraddemo-gegen-abwrackpr-mie\">Verkehrswende statt #Abfckpr\u00e4mie!: Fahrraddemo f\u00fcr nachhaltige Mobilit\u00e4t<\/a>,&nbsp;<em>Radio Dreyeckland (Text und Audio),<\/em>&nbsp;29.05.2020<\/li>\n\n\n\n<li><a href=\"https:\/\/www.fr.de\/frankfurt\/protest-frankfurt-gegen-abfckpraemie-13782114.html\">Protest in Frankfurt, gegen die \u201eAbfckpr\u00e4mie\u201c<\/a>,&nbsp;<em>Frankfurter Rundschau,&nbsp;<\/em>29.05.2020<\/li>\n\n\n\n<li><a href=\"https:\/\/taz.de\/Krankenhaeuser-in-Berlin\/!5686724\/\">Krankenh\u00e4user in Berlin: Geld f\u00fcr Gesundheit statt Flieger<\/a>,&nbsp;<em>taz,&nbsp;<\/em>29.05.2020<\/li>\n\n\n\n<li><a href=\"https:\/\/www.arte.tv\/de\/afp\/neuigkeiten\/tausende-aktivisten-demonstrieren-deutschlandweit-gegen-autopraemie\">Tausende Aktivisten demonstrieren deutschlandweit gegen Autopr\u00e4mie<\/a>,&nbsp;<em>arte.tv,&nbsp;<\/em>29.05.2020<\/li>\n\n\n\n<li><a href=\"https:\/\/de.nachrichten.yahoo.com\/demonstrationen-aktionen-gegen-kaufpr%C3%A4mien-f%C3%BCr-autos-zahlreichen-st%C3%A4dten-094529895--finance.html\">Demonstrationen und Aktionen gegen Kaufpr\u00e4mien f\u00fcr Autos in zahlreichen St\u00e4dten<\/a>,&nbsp;<em>Yahoo Nachrichten,<\/em>&nbsp;29.05.2020<\/li>\n\n\n\n<li><a href=\"https:\/\/www.morgenpost.de\/bezirke\/neukoelln\/article229225276\/Aktivisten-spruehen-Pop-up-Radweg-auf-die-Hermannstrasse.html\">Aktivisten spr\u00fchen Pop-Up-Radweg auf die Hermannstra\u00dfe<\/a>,&nbsp;<em>Berliner Morgenpost,&nbsp;<\/em>29.05.2020<\/li>\n\n\n\n<li><a href=\"https:\/\/www.jungewelt.de\/artikel\/379219.wer-ist-hier-systemrelevant.html\">Wer ist hier systemrelevant?<\/a>,&nbsp;<em>junge Welt,&nbsp;<\/em>29.05.2020<\/li>\n\n\n\n<li><a href=\"https:\/\/www.ksta.de\/koeln\/am-heutigen-freitag-worum-es-bei-der-fahrraddemo-in-koeln-geht-36773928\">Am heutigen Freitag: Worum es bei der Fahrraddemo in K\u00f6ln geht<\/a>,&nbsp;<em>K\u00f6lner Stadtanzeiger,&nbsp;<\/em>29.05.2020<\/li>\n\n\n\n<li><a href=\"https:\/\/www.merkur.de\/wirtschaft\/abwrackpraemie-corona-kaufpraemie-neuwagen-luisa-neubauer-autokauf-fridays-for-future-zr-13775114.amp.html\">Abwrackpr\u00e4mie 2.0: Autogipfel neuerlich vertagt \u2013 Unionsfraktion stellt sich offenbar quer<\/a>,&nbsp;<em>M\u00fcnchner Merkur,&nbsp;<\/em>29.05.2020<\/li>\n\n\n\n<li><a href=\"https:\/\/anfdeutsch.com\/Oekologie\/sand-im-getriebe-aktionstag-fuer-radikale-verkehrswende-19441\">\u201eSand im Getriebe\u201c: Aktionstag f\u00fcr radikale Verkehrswende<\/a>,&nbsp;<em>ANF Deutsch,<\/em>&nbsp;29.05.2020<\/li>\n\n\n\n<li><a href=\"https:\/\/www.heise.de\/tp\/news\/Abwrackpraemie-Proteste-vor-dem-Autogipfel-4768451.html\">Abwrackpr\u00e4mie: Proteste vor dem Autogipfel<\/a>,<em>&nbsp;telepolis,<\/em>&nbsp;28.05.2020<\/li>\n\n\n\n<li><a href=\"https:\/\/www.jungewelt.de\/artikel\/379116.protest-gegen-autokaufpr%C3%A4mien-die-autolobby-h%C3%A4lt-winselnd-die-hand-auf.html\">\u00bbDie Autolobby h\u00e4lt winselnd die Hand auf\u00ab<\/a>,&nbsp;<em>Interview mit Marie Klee in junge Welt,&nbsp;<\/em>28.05.2020<\/li>\n\n\n\n<li><a href=\"https:\/\/anfdeutsch.com\/Oekologie\/sand-im-getriebe-verkehrswende-statt-abfckpraemie-19401\">\u201eSand im Getriebe\u201c: Verkehrswende statt #Abfckpr\u00e4mie!<\/a>,&nbsp;<em>ANF Deutsch,<\/em>&nbsp;27.05.2020<\/li>\n\n\n\n<li><a href=\"https:\/\/www.ndr.de\/nachrichten\/niedersachsen\/Stephan-Weil-fordert-Tempo-bei-Autopraemie,autokaufpraemie100.html\">Stephan Weil fordert Tempo bei Autopr\u00e4mie<\/a>,&nbsp;<em>NDR.de,&nbsp;<\/em>27.05.2020<\/li>\n<\/ul>\n\n\n\n<hr class=\"wp-block-separator has-alpha-channel-opacity\"\/>\n\n\n\n<ul class=\"wp-block-list\">\n<li><a href=\"https:\/\/www.handelsblatt.com\/unternehmen\/industrie\/auto-von-morgen\/attac-und-sand-im-getriebe-aktivisten-behindern-den-zugang-zur-iaa-besucher-muessen-geduld-aufbringen\/25016936.html\">Die Autokrise ist eine Verbrennerkrise<\/a>,&nbsp;<em>klimareporter.de,&nbsp;<\/em>05.05.2020<\/li>\n\n\n\n<li><a href=\"https:\/\/anfdeutsch.com\/aktuelles\/autogipfel-foerderung-eines-zerstoererischen-verkehrssystems-18955\">Autogipfel: Politik f\u00f6rdert zerst\u00f6rerisches Verkehrssystem<\/a>,&nbsp;<em>ANF Deutsch<\/em>, 05.05.2020<\/li>\n\n\n\n<li><a href=\"https:\/\/www.wolfsburger-nachrichten.de\/wolfsburg\/article229044203\/FridaysForFuture-demonstriert-vor-dem-VW-Werk-Wolfsburg.html\">\u201eFridaysForFuture\u201c demonstriert vor dem VW-Werk Wolfsburg<\/a>, Wolfsburger Nachrichten, 04.05.2020<\/li>\n\n\n\n<li><a href=\"https:\/\/anfdeutsch.com\/Oekologie\/sand-im-getriebe-fordert-verkehrswende-statt-abwrackpraemie-18722\">\u201eSand im Getriebe\u201c fordert Verkehrswende statt Abwrackpr\u00e4mie<\/a>,&nbsp;<em>ANF Deutsch<\/em>, 24.04.2020<\/li>\n\n\n\n<li><a href=\"https:\/\/www.abendzeitung-muenchen.de\/inhalt.sand-im-getriebe-aktivisten-kuendigen-aktion-zur-iaa-in-muenchen-an.0219c099-0baf-41e7-a1a3-fb44d720b315.html\">Aktivisten k\u00fcndigen Aktion zur IAA an<\/a>,&nbsp;<em>Abenszeitung M\u00fcnchen<\/em>, 05.03.2020<\/li>\n\n\n\n<li><a href=\"https:\/\/www.br.de\/nachrichten\/wirtschaft\/muenchner-runde-live-benzin-und-dieselautos-verbieten,RqHe4q4\">M\u00fcnchner Runde: Benzin- und Dieselautos verbieten?<\/a>,&nbsp;<em>BR.de,&nbsp;<\/em>12.02.2020<\/li>\n<\/ul>\n\n\n\n<hr class=\"wp-block-separator has-alpha-channel-opacity\"\/>\n\n\n\n<h4 class=\"wp-block-heading\"><strong>Highlights zur IAA-Aktion 2019<\/strong><\/h4>\n\n\n\n<ul class=\"wp-block-list\">\n<li><a href=\"https:\/\/www.handelsblatt.com\/unternehmen\/industrie\/auto-von-morgen\/attac-und-sand-im-getriebe-aktivisten-behindern-den-zugang-zur-iaa-besucher-muessen-geduld-aufbringen\/25016936.html\">Aktivisten behindern den Zugang zur IAA \u2013 Besucher m\u00fcssen Geduld aufbringen<\/a>,&nbsp;<em>Handelsblatt,&nbsp;<\/em>15.09.2019<\/li>\n\n\n\n<li><a href=\"https:\/\/www.zeit.de\/mobilitaet\/2019-09\/iaa-frankfurt-protest-sand-im-getriebe-verkehrswende-klimaschutz\">Das Auto soll weg<\/a>,&nbsp;<em>ZEIT,&nbsp;<\/em>15.09.2019<\/li>\n\n\n\n<li><a href=\"https:\/\/edition.cnn.com\/2019\/09\/15\/europe\/frankfurt-iaa-motor-show-climate-protests-grm-intl-scli\/index.html\">Frankfurt motor show hit by huge climate protests<\/a>,&nbsp;<em>CNN,&nbsp;<\/em>15.09.2019<\/li>\n\n\n\n<li><a href=\"https:\/\/www.klimareporter.de\/verkehr\/ein-suv-verbot-reicht-einfach-nicht\">\u00bbEin SUV-Verbot reicht einfach nicht\u00ab<\/a>,&nbsp;<em>Interview mit Marie Klee im klimareporter,&nbsp;<\/em>13.09.2019<\/li>\n\n\n\n<li><a href=\"https:\/\/taz.de\/VW-Chef-diskutiert-mit-Kritikerin\/!5624425\/\">\u00bbWir meinen das ernst\u00ab<\/a>,&nbsp;<em>taz,<\/em>&nbsp;10.09.2019<\/li>\n<\/ul>\n\n\n\n<h1 class=\"wp-block-heading\">2019<\/h1>\n\n\n\n<h4 class=\"wp-block-heading\"><strong>Highlights zur IAA-Aktion 2019<\/strong><\/h4>\n\n\n\n<ul class=\"wp-block-list\">\n<li><a href=\"https:\/\/www.handelsblatt.com\/unternehmen\/industrie\/auto-von-morgen\/attac-und-sand-im-getriebe-aktivisten-behindern-den-zugang-zur-iaa-besucher-muessen-geduld-aufbringen\/25016936.html\">Aktivisten behindern den Zugang zur IAA \u2013 Besucher m\u00fcssen Geduld aufbringen<\/a>,&nbsp;<em>Handelsblatt,&nbsp;<\/em>15.09.2019<\/li>\n\n\n\n<li><a href=\"https:\/\/www.zeit.de\/mobilitaet\/2019-09\/iaa-frankfurt-protest-sand-im-getriebe-verkehrswende-klimaschutz\">Das Auto soll weg<\/a>,&nbsp;<em>ZEIT,&nbsp;<\/em>15.09.2019<\/li>\n\n\n\n<li>Klimaaktivisten blockieren Eing\u00e4nge zur IAA,&nbsp;<em>ZEIT (Video \u2013 leider nicht mehr verf\u00fcgbar),&nbsp;<\/em>15.09.2019<\/li>\n\n\n\n<li><a href=\"https:\/\/edition.cnn.com\/2019\/09\/15\/europe\/frankfurt-iaa-motor-show-climate-protests-grm-intl-scli\/index.html\">Frankfurt motor show hit by huge climate protests<\/a>,&nbsp;<em>CNN,&nbsp;<\/em>15.09.2019<\/li>\n\n\n\n<li><a href=\"https:\/\/www.klimareporter.de\/verkehr\/ein-suv-verbot-reicht-einfach-nicht\">\u00bbEin SUV-Verbot reicht einfach nicht\u00ab<\/a>,&nbsp;<em>Interview mit Marie Klee im klimareporter,&nbsp;<\/em>13.09.2019<\/li>\n\n\n\n<li><a href=\"https:\/\/taz.de\/VW-Chef-diskutiert-mit-Kritikerin\/!5624425\/\">\u00bbWir meinen das ernst\u00ab<\/a>,&nbsp;<em>taz,<\/em>&nbsp;10.09.2019<\/li>\n<\/ul>\n\n\n\n<hr class=\"wp-block-separator has-alpha-channel-opacity\"\/>\n\n\n\n<h4 class=\"wp-block-heading\"><strong>Die Wochen danach<\/strong><\/h4>\n\n\n\n<ul class=\"wp-block-list\">\n<li><a href=\"https:\/\/www.neues-deutschland.de\/artikel\/1130260.aktivismus-anonym-die-welt-veraendern.html\">Anonym die Welt ver\u00e4ndern<\/a>,&nbsp;<em>nd<\/em>, 17.12.2019<\/li>\n\n\n\n<li><a href=\"https:\/\/www.deutschlandfunk.de\/tina-velo-vs-ulf-poschardt-ist-das-auto-sakrosankt.2927.de.html?dram:article_id=460798\">Tina Velo vs. Ulf Poschardt: Ist das Auto sakrosankt?<\/a>,&nbsp;<em>Deutschlandfunk<\/em>, 12.10.2019<\/li>\n\n\n\n<li><a href=\"https:\/\/www.l-iz.de\/politik\/engagement\/2019\/09\/Beschluesse-des-Klimakabinetts-sorgen-nicht-nur-bei-Fridays-For-Future-fuer-Riesenenttaeuschung-296452\">Beschl\u00fcsse des \u201cKlimakabinetts\u201c sorgen nicht nur bei \u201cFridays For Future\u201c f\u00fcr Riesenentt\u00e4uschung<\/a>,&nbsp;<em>Leipziger Internet Zeitung,<\/em>&nbsp;22.09.2019<\/li>\n\n\n\n<li><a href=\"https:\/\/www.jungewelt.de\/artikel\/363269.klimaplan-von-unten-angek%C3%BCndigt.html\">\u201cKlimaplan von unten\u201d angek\u00fcndigt<\/a>,&nbsp;<em>junge Welt,&nbsp;<\/em>21.09.2019<\/li>\n\n\n\n<li><a href=\"https:\/\/www.manager-magazin.de\/unternehmen\/autoindustrie\/iaa-2019-ist-der-lack-ab-eine-bilanz-podcast-a-1285916.html\">Nach der Automesse IAA \u2013 Ist der Lack ab?<\/a>,&nbsp;<em>manager magazin (Podcast),<\/em>&nbsp;20.09.2019<\/li>\n\n\n\n<li><a href=\"https:\/\/taz.de\/Sieben-Thesen-zur-Klimabewegung\/!5624875\/\">Sieben Thesen zur Klimabewegung: Kampf gegen die Hydra<\/a>,&nbsp;<em>taz,<\/em>&nbsp;19.09.2019<\/li>\n\n\n\n<li><a href=\"https:\/\/www.kontextwochenzeitung.de\/debatte\/442\/keine-zukunft-mit-mehr-autos-6184.html\">Keine Zukunft mit mehr Autos<\/a>,&nbsp;<em>Kontext Wochenzeitung,&nbsp;<\/em>18.09.2019<\/li>\n\n\n\n<li><a href=\"https:\/\/www.wienerzeitung.at\/meinung\/glossen\/2029837-Sand-im-Getriebe.html\">Sand im Getriebe<\/a>,&nbsp;<em>Wiener Zeitung,&nbsp;<\/em>18.09.2019<\/li>\n\n\n\n<li><a href=\"https:\/\/www.heise.de\/tp\/features\/Ziviler-Ungehorsam-gegen-die-Klimakrise-4531999.html\">Ziviler Ungehorsam gegen die Klimakrise<\/a>,&nbsp;<em>telepolis,&nbsp;<\/em>17.09.2019<\/li>\n\n\n\n<li><a href=\"https:\/\/diefreiheitsliebe.de\/politik\/iaa-protest-wir-muessen-weiter-kaempfen-dass-wir-gehoert-werden-und-sich-etwas-aendert\/\">IAA-Protest: \u00bbWir m\u00fcssen weiter k\u00e4mpfen, dass wir geh\u00f6rt werden und sich etwas \u00e4ndert\u00ab<\/a>,&nbsp;<em>Die Freiheitsliebe,&nbsp;<\/em>17.09.2019<\/li>\n\n\n\n<li><a href=\"https:\/\/www.l-iz.de\/wirtschaft\/metropolregion\/2019\/09\/Die-Autokrise-schwelt-schon-seit-drei-Jahren-und-Autobauer-verlieren-ihre-Rolle-als-Motor-der-Wirtschaft-295447\">Sand im Getriebe: Die Autokrise schwelt schon seit drei Jahren und Autobauer verlieren ihre Rolle als Motor der Wirtschaft<\/a>,&nbsp;<em>Leipziger Internet Zeitung,<\/em>&nbsp;16.09.2019<\/li>\n\n\n\n<li><a href=\"https:\/\/rdl.de\/beitrag\/die-autoindustrie-ist-anf-llig-daf-r-wenn-ihr-image-angegriffen-wird\">\u00bbDie Autoindustrie ist anf\u00e4llig daf\u00fcr, wenn ihr Image angegriffen wird\u00ab<\/a>,&nbsp;<em>Interview mit Marie Klee im Radio Dreyeckland,&nbsp;<\/em>16.09.2019<\/li>\n\n\n\n<li><a href=\"https:\/\/taz.de\/Proteste-bei-der-Automobilmesse-IAA\/!5622693\/\">Proteste bei der Automobilmesse IAA: Die Zeit zum Zur\u00fccklehnen ist vorbei<\/a>,&nbsp;<em>taz,<\/em>&nbsp;16.09.2019<\/li>\n\n\n\n<li><a href=\"https:\/\/www.zeit.de\/politik\/2019-09\/nachrichtenpodcast-was-jetzt-16-09-19\">Kulturkampf ums Auto auf der IAA<\/a>,&nbsp;<em>ZEIT (Podcast),<\/em>&nbsp;16.09.2019<\/li>\n\n\n\n<li><a href=\"https:\/\/www.journal-frankfurt.de\/journal_news\/Panorama-2\/Proteste-zur-IAA-Mehrere-Tausend-Menschen-fordern-Verkehrswende-34602.html\">Proteste zur IAA: Mehrere Tausend Menschen fordern Verkehrswende<\/a>,&nbsp;<em>Journal Frankfurt,&nbsp;<\/em>16.09.2019<\/li>\n\n\n\n<li><a href=\"https:\/\/www.nwzonline.de\/wirtschaft\/frankfurt-main-demonstration-tausende-protestieren-gegen-automesse_a_50,5,3677050251.html\">Tausende protestieren gegen Automesse<\/a>,&nbsp;<em>Nordwest-Zeitung,&nbsp;<\/em>16.09.2019<\/li>\n\n\n\n<li><a href=\"https:\/\/www.jungewelt.de\/artikel\/362865.blockade-gegen-autolobby.html\">Blockade gegen Autolobby<\/a>,&nbsp;<em>junge Welt,&nbsp;<\/em>16.09.2019<\/li>\n\n\n\n<li><a href=\"https:\/\/www.nachrichten.at\/panorama\/weltspiegel\/klimaschuetzer-blockierten-eingang-der-iaa-automesse;art17,3165678\">Klimasch\u00fctzer blockierten Eingang der IAA-Automesse<\/a>,&nbsp;<em>Ober\u00f6sterreichische Nachrichten,&nbsp;<\/em>16.09.2019<\/li>\n\n\n\n<li>Klimasch\u00fctzer blockierten Eing\u00e4nge zur Automesse IAA,&nbsp;<em>Kronen Zeitung (Print)<\/em>, 16.09.2019<\/li>\n\n\n\n<li><a href=\"https:\/\/www.wiesbadener-kurier.de\/politik\/hessen\/friedlicher-protest-gegen-die-iaa-in-frankfurt-ein-happening-in-schwarzweiss_20445518\">Friedlicher Protest gegen die IAA in Frankfurt: Ein Happening in Schwarzwei\u00df<\/a>,&nbsp;<em>Wiesbadener Kurier,<\/em>&nbsp;16.09.2019<\/li>\n\n\n\n<li><a href=\"https:\/\/www.hurriyet.de\/news_klima-aktivisten-blockieren-haupteingang-der-iaa_143524354.html\">Klima-Aktivisten blockieren Haupteingang der IAA<\/a>,&nbsp;<em>H\u00fcrriyet.de (dpa-Video),<\/em>&nbsp;16.09.2019<\/li>\n<\/ul>\n\n\n\n<hr class=\"wp-block-separator has-alpha-channel-opacity\"\/>\n\n\n\n<h4 class=\"wp-block-heading\"><strong>Berichte am Aktionstag (15.09.2019)<\/strong><\/h4>\n\n\n\n<ul class=\"wp-block-list\">\n<li><a href=\"https:\/\/www.zdf.de\/nachrichten\/heute-sendungen\/videos\/protest-bei-automobilmesse-demonstranten-versperren-eingang-zu-iaa-100.html\">Demonstranten versperren Eingang zu IAA<\/a>,&nbsp;<em>ZDF (Video),&nbsp;<\/em>15.09.2019<\/li>\n\n\n\n<li><a href=\"https:\/\/www.bento.de\/nachhaltigkeit\/frankfurt-proteste-bei-der-iaa-was-aktivisten-und-besucher-sagen-a-a1be0c7d-b7ef-4479-b1a1-40b5cdc9f349\">Proteste auf der IAA: Verkehrswende gegl\u00fcckt \u2013 f\u00fcr ein paar Stunden<\/a>,&nbsp;<em>bento.de<\/em>, 15.09.2019<\/li>\n\n\n\n<li><a href=\"https:\/\/www.nzz.ch\/international\/iaa-2019-in-frankfurt-proteste-und-blockaden-bei-automesse-ld.1508837\">Internationale Automobil-Ausstellung in Frankfurt: Klimaaktivisten blockieren stundenlang zwei Eing\u00e4nge<\/a>,&nbsp;<em>Neue Z\u00fcrcher Zeitung,&nbsp;<\/em>15.09.2019<\/li>\n\n\n\n<li><a href=\"https:\/\/www.jetzt.de\/umwelt\/aktivistin-ueber-den-protest-von-sand-im-getriebe-bei-der-iaa-in-frankfurt\">\u00bbWir brauchen jetzt eine radikal andere Form des Wirtschaftens\u00ab<\/a>,&nbsp;<em>Interview mit Aktivistin Kira auf jetzt.de,&nbsp;<\/em>15.09.2019<\/li>\n\n\n\n<li><a href=\"https:\/\/taz.de\/IAA-in-Frankfurt\/!5626143\/\">IAA in Frankfurt: Sitzblockade gegen Autofans<\/a>,&nbsp;<em>taz,&nbsp;<\/em>15.09.2019<\/li>\n\n\n\n<li><a href=\"https:\/\/kurier.at\/wirtschaft\/protest-vor-der-iaa-e-autos-nehmen-genauso-platz-weg\/400606277\">Protest vor der IAA: \u00bbE-Autos nehmen genauso Platz weg\u00ab<\/a>,&nbsp;<em>Kurier,&nbsp;<\/em>15.09.2019<\/li>\n\n\n\n<li><a href=\"https:\/\/de.euronews.com\/2019\/09\/15\/iaa-klima-aktivisten-bremsen-autonarren-aus\">IAA: Klima-Aktivisten bremsen Autonarren aus<\/a>,&nbsp;<em>euronews (Video),&nbsp;<\/em>15.09.2019<\/li>\n\n\n\n<li><a href=\"https:\/\/www.rtl.de\/cms\/tina-velo-von-autofans-sexistisch-angefeindet-es-liegt-daran-dass-ich-eine-frau-bin-4405039.html\">Tina Velo von Autofans angefeindet: \u00bbEs liegt daran, dass ich eine Frau bin\u00ab<\/a>,<em>&nbsp;Video-Interview auf RTL.de,<\/em>&nbsp;15.09.2019<\/li>\n\n\n\n<li><a href=\"https:\/\/www.heise.de\/tp\/news\/IAA-Goetterdaemmerung-einer-Leitindustrie-4523448.html\">IAA: G\u00f6tterd\u00e4mmerung einer Leitindustrie<\/a>,&nbsp;<em>telepolis,&nbsp;<\/em>15.09.2019<\/li>\n\n\n\n<li><a href=\"https:\/\/www.ffh.de\/nachrichten\/top-meldungen\/detail\/toController\/Topic\/toAction\/show\/toId\/213851\/toTopic\/rund-1000-aktivisten-versperren-eingaenge-zur-iaa.html\">Klimaproteste vor IAA friedlich beendet<\/a>,&nbsp;<em>Hit Radio FFH,<\/em>&nbsp;15.09.2019<\/li>\n\n\n\n<li><a href=\"https:\/\/www.sueddeutsche.de\/wirtschaft\/iaa-automesse-frankfurt-klima-aktivisten-proteste-elektroautos-1.4601426\">Drau\u00dfen Protest, drinnen Andrang bei den SUVs<\/a>,<em>&nbsp;S\u00fcddeutsche,&nbsp;<\/em>15.09.2019<\/li>\n\n\n\n<li><a href=\"https:\/\/www.handelsblatt.com\/dpa\/wirtschaft-handel-und-finanzen-klima-aktivisten-blockieren-haupteingang-der-iaa\/25016702.html\">Klima-Aktivisten blockieren Haupteingang der IAA<\/a>,&nbsp;<em>Handelsblatt,<\/em>&nbsp;15.09.2019<\/li>\n\n\n\n<li><a href=\"https:\/\/www.fr.de\/frankfurt\/iaa-ere25954\/hunderte-blockieren-iaa-eingaenge-13005654.html\">Hunderte blockieren IAA-Eing\u00e4nge<\/a>,&nbsp;<em>Frankfurter Rundschau,&nbsp;<\/em>15.09.2019<\/li>\n\n\n\n<li><a href=\"https:\/\/www.welt.de\/regionales\/hessen\/article200286338\/Protest-Wochenende-trifft-IAA-Haupteingang-lange-blockiert.html\">Protest-Wochenende trifft IAA: Haupteingang lange blockiert<\/a>,&nbsp;<em>Welt,<\/em>&nbsp;15.09.2019<\/li>\n\n\n\n<li><a href=\"https:\/\/www.bild.de\/regional\/frankfurt\/frankfurt-aktuell\/haengematten-protest-trotz-klima-aktivisten-kamen-110000-besucher-zur-iaa-64723430.bild.html\">Trotz Klima-Aktivisten kamen 110000 Besucher zur IAA<\/a>,<em>&nbsp;Bild,&nbsp;<\/em>15.09.2019<\/li>\n\n\n\n<li><a href=\"https:\/\/www.nytimes.com\/aponline\/2019\/09\/15\/world\/europe\/ap-eu-germany-auto-show-protests.html\">Activists block main entrance to Frankfurt Auto Show<\/a>,&nbsp;<em>New York Times,&nbsp;<\/em>15.09.2019<\/li>\n\n\n\n<li><a href=\"https:\/\/www.countypress.co.uk\/news\/national\/17903748.activists-block-main-entrance-frankfurt-motor-show\/\">Activists block main entrance to Frankfurt motor show<\/a>,&nbsp;<em>Isle of Wight County Press,&nbsp;<\/em>15.09.2019<\/li>\n\n\n\n<li><a href=\"https:\/\/www.en24.news\/2019\/09\/protesters-block-entrance-to-the-iaa-in-frankfurt.html\">Protesters block entrance to the IAA in Frankfurt<\/a>,&nbsp;<em>en24.news,<\/em>&nbsp;15.09.2019<\/li>\n\n\n\n<li><a href=\"https:\/\/www.neues-deutschland.de\/artikel\/1125822.sand-im-getriebe-ihr-koennt-auch-fahrrad-fahren.html\">\u00bbIhr k\u00f6nnt auch Fahrrad fahren\u00ab<\/a>,&nbsp;<em>nd,&nbsp;<\/em>15.09.2019<\/li>\n\n\n\n<li>Aktivisten blockierten stundenlang IAA-Zug\u00e4nge,&nbsp;<em>hessenschau,&nbsp;<\/em>15.09.2019<\/li>\n\n\n\n<li><a href=\"https:\/\/www.n-tv.de\/politik\/Mehrere-IAA-Eingaenge-ueber-Stunden-blockiert-article21273685.html\">Klimaprotest vor Automesse: Mehrere IAA-Eing\u00e4nge \u00fcber Stunden blockiert<\/a>,&nbsp;<em>n-tv,&nbsp;<\/em>15.09.2019<\/li>\n\n\n\n<li><a href=\"https:\/\/www.evangelisch.de\/inhalte\/160329\/15-09-2019\/proteste-gegen-die-iaa-frankfurt\">Proteste gegen die IAA in Frankfurt: Hunderte Aktivisten blockieren Messezug\u00e4nge<\/a>,&nbsp;<em>evangelisch.de,<\/em>&nbsp;15.09.2019<\/li>\n\n\n\n<li><a href=\"https:\/\/www.merkur.de\/wirtschaft\/proteste-bei-iaa-aktivisten-blockieren-zugang-polizei-schreitet-ein-schock-fuer-merkel-zr-12996778.html\">Proteste bei IAA: Aktivisten blockieren Zugang \u2013 Polizei greift ein<\/a>,&nbsp;<em>M\u00fcnchner Merkur,&nbsp;<\/em>15.09.2019<\/li>\n\n\n\n<li><a href=\"https:\/\/www.faz.net\/aktuell\/iaa-proteststrecke-16385712.html\">Zehntausende fordern die Verkehrswende<\/a>,&nbsp;<em>Frankfurter Allgemeine (Fotostrecke),<\/em>&nbsp;15.09.2019<\/li>\n\n\n\n<li><a href=\"https:\/\/www.faz.net\/aktuell\/rhein-main\/demonstranten-blockieren-eingang-der-iaa-in-frankfurt-16385460.html\">Proteste vor IAA: Blockade mit drei farbigen Fingern<\/a>,&nbsp;<em>Frankfurter Allgemeine,&nbsp;<\/em>15.09.2019<\/li>\n\n\n\n<li><a href=\"https:\/\/anfdeutsch.com\/Oekologie\/iaa-die-messe-ist-gesungen-13929\">IAA: Die Messe ist gesungen<\/a>,&nbsp;<em>ANF News,&nbsp;<\/em>15.09.2019<\/li>\n\n\n\n<li><a href=\"https:\/\/www.klimareporter.de\/protest\/gegen-den-zwang-zum-auto\">Gegen den Zwang zum Auto<\/a>,&nbsp;<em>klimareporter,&nbsp;<\/em>15.09.2019<\/li>\n\n\n\n<li><a href=\"https:\/\/www.dw.com\/de\/hunderte-aktivisten-blockieren-messezug%C3%A4nge\/a-50439945\">Hunderte Aktivisten blockieren Messezug\u00e4nge<\/a>,&nbsp;<em>dw.com,&nbsp;<\/em>15.09.2019<\/li>\n\n\n\n<li><a href=\"https:\/\/www.allgemeine-zeitung.de\/lokales\/rhein-main\/sand-im-getriebe-iaa-protest-in-schwarzweiss_20443461\">\u201cSand im Getriebe\u201d: IAA-Protest in Schwarzwei\u00df<\/a>,&nbsp;<em>Allgemeine Zeitung,<\/em>&nbsp;15.09.2019<\/li>\n\n\n\n<li><a href=\"https:\/\/www.spiegel.de\/wirtschaft\/unternehmen\/iaa-in-frankfurt-am-main-demonstranten-blockieren-eingaenge-a-1286887.html\">Proteste von Klimasch\u00fctzern: Demonstranten blockieren Eing\u00e4nge zur IAA<\/a>,&nbsp;<em>Spiegel,<\/em>&nbsp;15.09.2019<\/li>\n\n\n\n<li><a href=\"https:\/\/www.tagesspiegel.de\/sport\/umwelt-proteste-in-frankfurt-demonstranten-blockieren-zwei-eingaenge-zur-iaa\/25017042.html\">Demonstranten blockieren zwei Eing\u00e4nge zur IAA<\/a>,&nbsp;<em>Tagesspiegel,&nbsp;<\/em>15.09.2019<\/li>\n\n\n\n<li><a href=\"https:\/\/www.welt.de\/politik\/deutschland\/article200313784\/IAA-Klima-Demonstranten-blockieren-zwei-Eingaenge.html\">Klima-Demonstranten blockieren Eing\u00e4nge zur IAA<\/a>,&nbsp;<em>Welt,<\/em>&nbsp;15.09.2019<\/li>\n\n\n\n<li><a href=\"https:\/\/www.volksfreund.de\/nachrichten\/topthemen\/klima-aktivisten-blockieren-haupteingang-der-iaa_aid-45835355\">Klima-Aktivisten blockieren Haupteingang der IAA<\/a>,&nbsp;<em>Trierischer Volksfreund,<\/em>&nbsp;15.09.2019<\/li>\n\n\n\n<li><a href=\"https:\/\/www.stuttgarter-nachrichten.de\/inhalt.automesse-in-frankfurt-klimaschuetzer-blockieren-eingaenge-zur-iaa.8296dada-f5f3-4138-9fe1-ba80810680bc.html\">Klimasch\u00fctzer blockieren Eing\u00e4nge zur IAA<\/a>,&nbsp;<em>Stuttgarter Nachrichten,<\/em>&nbsp;15.09.2019<\/li>\n\n\n\n<li><a href=\"https:\/\/www.nq-online.de\/blick-in-die-welt\/proteste-auf-iaa-aktivisten-blockieren-haupteingang_10_111772253-122-.html\">Proteste auf der IAA: Aktivisten blockieren Haupteingang<\/a>,&nbsp;<em>Die Neckarquelle,<\/em>&nbsp;15.09.2019<\/li>\n\n\n\n<li><a href=\"https:\/\/www.rga.de\/wirtschaft\/frankfurt-iaa-aktivisten-blockieren-zugang-polizei-schreitet-ein-zr-12996778.html\">Proteste bei IAA in Frankfurt: Aktivisten blockieren Zugang \u2013 Polizei greift ein<\/a>,&nbsp;<em>Remscheider General-Anzeiger,&nbsp;<\/em>15.09.2019<\/li>\n\n\n\n<li><a href=\"https:\/\/www.automobilwoche.de\/article\/20190915\/NACHRICHTEN\/190919943\/sandimgetriebe-so-verlief-die-iaa-blockade\">#SandImGetriebe: So verlief die IAA-Blockade<\/a>,&nbsp;<em>automobilwoche,<\/em>&nbsp;15.09.2019<\/li>\n\n\n\n<li><a href=\"https:\/\/www.fr.de\/frankfurt\/iaa-ere25954\/iaa-2019-frankfurt-demonstranten-blockieren-eingang-messe-zr-12909507.html\">IAA 2019 in Frankfurt: Demonstranten blockieren Eing\u00e4nge und liefern sich Wortgefechte mit der Polizei<\/a>,<em>&nbsp;Frankfurter Rundschau,&nbsp;<\/em>15.09.2019<\/li>\n\n\n\n<li><a href=\"https:\/\/www.hessenschau.de\/gesellschaft\/aktivisten-blockierten-stundenlang-iaa-zugaenge,iaa-protest-sand-im-getriebe-100.html\">\u201cAutos sind \u00fcberholt\u201d: Aktivisten besetzen Haupteingang der IAA<\/a>,&nbsp;<em>hessenschau,<\/em>&nbsp;15.09.2019<\/li>\n\n\n\n<li><a href=\"https:\/\/www.zeit.de\/mobilitaet\/2019-09\/sand-im-getriebe-blockade-iaa-verkehrswende-klimaschutz\">Hunderte blockieren Zug\u00e4nge zur Internationalen Automobilausstellung<\/a>,&nbsp;<em>ZEIT,<\/em>&nbsp;15.09.2019<\/li>\n\n\n\n<li><a href=\"https:\/\/www.wienerzeitung.at\/nachrichten\/wirtschaft\/international\/2029300-Protest-gegen-Automobilindustrie-in-Frankfurt.html\">Protest gegen Automobilindustrie in Frankfurt<\/a>,&nbsp;<em>Wiener Zeitung,&nbsp;<\/em>15.09.2019<\/li>\n\n\n\n<li><a href=\"https:\/\/www.faz.net\/aktuell\/rhein-main\/demonstranten-blockieren-eingang-der-iaa-in-frankfurt-16385460.html\">Proteste vor IAA: Demonstranten blockieren Eing\u00e4nge der Messe<\/a>,&nbsp;<em>Frankfurter Allgemeine,<\/em>&nbsp;15.09.2019<\/li>\n\n\n\n<li><a href=\"https:\/\/www.sueddeutsche.de\/wirtschaft\/auto-frankfurt-am-main-protest-gegen-iaa-buendnis-kuendigt-blockadeversuch-an-dpa.urn-newsml-dpa-com-20090101-190913-99-867548\">Protest gegen IAA: B\u00fcndnis k\u00fcndigt Blockadeversuch an<\/a>,&nbsp;<em>S\u00fcddeutsche Zeitung,&nbsp;<\/em>15.09.2019<\/li>\n\n\n\n<li><a href=\"https:\/\/www.ffh.de\/nachrichten\/hessen\/rhein-main\/toController\/Topic\/toAction\/show\/toId\/213851\/toTopic\/neue-proteste-von-autogegnern-blockade-der-iaa.html\">Neue Proteste von Autogegnern: Klima-Aktivisten wollen IAA blockieren<\/a>,&nbsp;<em>Hit Radio FFH,<\/em>&nbsp;15.09.2019<\/li>\n<\/ul>\n\n\n\n<hr class=\"wp-block-separator has-alpha-channel-opacity\"\/>\n\n\n\n<h4 class=\"wp-block-heading\"><strong>Der Tag vor der Aktion (14.09.2019)<\/strong><\/h4>\n\n\n\n<ul class=\"wp-block-list\">\n<li><a href=\"https:\/\/www.deutschlandfunkkultur.de\/proteste-gegen-automesse-iaa-pkw-orientierung-der-staedte.1013.de.html?dram:article_id=458843\">\u201ePkw-Orientierung\u201c der St\u00e4dte als Problem<\/a>,&nbsp;<em>Deutschlandfunk Kultur,<\/em>&nbsp;14.09.2019<\/li>\n\n\n\n<li><a href=\"https:\/\/taz.de\/Proteste-gegen-die-IAA-in-Frankfurt\/!5626108\/\">Ersch\u00f6pft, aber gl\u00fccklich<\/a>,&nbsp;<em>taz,<\/em>&nbsp;14.09.2019<\/li>\n\n\n\n<li><a href=\"https:\/\/www.neues-deutschland.de\/artikel\/1125805.proteste-gegen-die-iaa-gegen-die-autoindustrie.html\">1:0 gegen die Autoindustrie<\/a>,&nbsp;<em>nd,&nbsp;<\/em>14.09.2019<\/li>\n\n\n\n<li><a href=\"https:\/\/finance.yahoo.com\/news\/protests-against-german-car-industry-rev-frankfurt-032709977.html\">Protests against German car industry rev up in Frankfurt<\/a>,&nbsp;<em>Yahoo Finance,<\/em>&nbsp;14.09.2019<\/li>\n\n\n\n<li><a href=\"https:\/\/www.en24.news\/de\/2019\/09\/germany-the-automobile-the-next-target-of-the-climate-generation-2.html\">Germany: the automobile, the next target of the \u201eclimate generation\u201c<\/a>,&nbsp;<em>en24.news,<\/em>&nbsp;14.09.2019<\/li>\n\n\n\n<li><a href=\"https:\/\/lexpansion.lexpress.fr\/actualites\/1\/actualite-economique\/allemagne-l-automobile-prochaine-cible-de-la-generation-climat_2097445.html\">Des milliers d\u2019Allemands d\u00e9filent \u00e0 v\u00e9lo contre l\u2019automobile<\/a>,&nbsp;<em>L\u2019Express,&nbsp;<\/em>14.09.2019<\/li>\n\n\n\n<li><a href=\"https:\/\/www.corriere.it\/esteri\/19_settembre_14\/tina-velo-greta-tedesca-che-vuole-bloccare-salone-francoforte-531daf3a-d6ca-11e9-ab72-4c8b2c66efe5.shtml?refresh_ce-cp\">Tina Velo, la Greta tedesca che vuole bloccare il Salone di Francoforte<\/a>,&nbsp;<em>Corriere della Sera,<\/em>&nbsp;14.09.2019<\/li>\n\n\n\n<li><a href=\"https:\/\/www.swissinfo.ch\/spa\/el-autom%C3%B3vil--blanco-de--la-generaci%C3%B3n-del-clima-\/45228480\">El autom\u00f3vil, blanco de \u201ela generaci\u00f3n del clima\u201c<\/a>,&nbsp;<em>Swissinfo.ch,<\/em>&nbsp;14.09.2019<\/li>\n\n\n\n<li><a href=\"https:\/\/www.tag24.de\/nachrichten\/rund-20-000-demonstranten-verkehrsbehinderungen-wegen-mega-demo-zur-iaa-in-frankfurt-1213707\">Rund 20.000 Demonstranten! Verkehrsbehinderungen wegen Mega-Demo zur IAA in Frankfurt<\/a>,&nbsp;<em>tag24.de,&nbsp;<\/em>14.09.2019<\/li>\n\n\n\n<li><a href=\"https:\/\/www.hurriyet.de\/news_massive-proteste-gegen-iaa-erwartet_143524264.html\">Massive Proteste gegen IAA erwartet<\/a>,&nbsp;<em>H\u00fcrriyet.de,<\/em>&nbsp;14.09.2019<\/li>\n\n\n\n<li><a href=\"https:\/\/www.neues-deutschland.de\/artikel\/1125804.sand-ins-getriebe-vom-ende-des-%20automobilen-zeitalters.html\">Vom Ende des automobilen Zeitalters<\/a>,&nbsp;<em>nd,<\/em>&nbsp;14.09.2019<\/li>\n<\/ul>\n\n\n\n<hr class=\"wp-block-separator has-alpha-channel-opacity\"\/>\n\n\n\n<h4 class=\"wp-block-heading\"><strong>Pressekonferenz am 09.09. und Woche vor der Aktion<\/strong><\/h4>\n\n\n\n<ul class=\"wp-block-list\">\n<li><a href=\"https:\/\/www.journal-frankfurt.de\/journal_news\/Panorama-2\/Im-Interview-mit-Klaus-Gietinger-Das-Auto-ist-eine-Massenvernichtungswaffe-34590.html\">Im Interview mit Klaus Gietinger: \u00bbDas Auto ist eine Massenvernichtungswaffe\u00ab<\/a>,&nbsp;<em>Journal Frankfurt,&nbsp;<\/em>13.09.2019<\/li>\n\n\n\n<li><a href=\"https:\/\/taz.de\/Proteste-zur-Auto-Messe-IAA\/!5625804\/\">Proteste zur Auto-Messe IAA: Gro\u00dfdemo und Blockaden<\/a>,&nbsp;<em>taz,&nbsp;<\/em>13.09.2019<\/li>\n\n\n\n<li><a href=\"https:\/\/detektor.fm\/gesellschaft\/proteste-auf-der-iaa-2019\">\u00bbIch vermute, dass die Messe zum letzten Mal stattfinden wird\u00ab<\/a>,&nbsp;<em>detektor.fm,<\/em>&nbsp;13.09.2019<\/li>\n\n\n\n<li><a href=\"https:\/\/www.sputnik.de\/podcasts\/teamraimund\/audio-1165180.html\">Protest: Automobil-Messe soll lahmgelegt werden<\/a>,&nbsp;<em>MDR Sputnik (Podcast),<\/em>&nbsp;13.09.2019<\/li>\n\n\n\n<li><a href=\"https:\/\/www.tagesschau.de\/faktenfinder\/iaa-189.html\">Panikmache vor der Automobilmesse<\/a>,&nbsp;<em>tagesschau.de,<\/em>&nbsp;11.09.2019<\/li>\n\n\n\n<li><a href=\"https:\/\/www.jungewelt.de\/artikel\/362557.kampf-den-klimakillern-es-muss-die-letzte-iaa-%20gewesen-sein.html\">\u00bbEs muss die letzte IAA gewesen sein\u00ab<\/a>,&nbsp;<em>Interview mit Marie Klee in der jungen Welt,<\/em>&nbsp;11.09.2019<\/li>\n\n\n\n<li><a href=\"https:\/\/www.n-tv.de\/mediathek\/videos\/wirtschaft\/VW-Konzern-ist-lange-nicht-so-gruen-wie-er-%20tut-article21262598.html\" target=\"_blank\" rel=\"noreferrer noopener\">\u00bbVW-Konzern ist lange nicht so gr\u00fcn, wie er tut\u00ab<\/a>,&nbsp;<em>Video-Interview mit Tina Velo auf n-tv,<\/em>&nbsp;10.09.2019<\/li>\n\n\n\n<li><a href=\"https:\/\/de.reuters.com\/article\/iaa-suv-elektroautos-idDEKCN1VV0E7\" target=\"_blank\" rel=\"noreferrer noopener\">VW-Chef geht auf Auto-Kritiker zu \u2013 Debatte mit Klimasch\u00fctzerin<\/a>,&nbsp;<em>Reuters<\/em>, 10.09.2019<\/li>\n\n\n\n<li><a href=\"https:\/\/www.youtube.com\/watch?v=wCb_8RYSdck\" target=\"_blank\" rel=\"noreferrer noopener\">Streitgespr\u00e4ch mit VW-Chef Herbert Diess<\/a>,&nbsp;<em>taz (livestream<\/em>), 09.09.2019<\/li>\n\n\n\n<li><a href=\"https:\/\/www.neues-deutschland.de\/artikel\/1125530.sand-im-getriebe-suvs-sind-die-spitze-des-eisbergs-eines-kranken-verkehrssystems.html\" target=\"_blank\" rel=\"noreferrer noopener\">\u00bbSUVs sind die Spitze des Eisbergs eines kranken Verkehrssystems\u00ab<\/a>,&nbsp;<em>Interview mit Tina Velo im nd<\/em>, 09.09.2019<\/li>\n\n\n\n<li><a href=\"https:\/\/www.reuters.com\/article\/us-autoshow-frankfurt-climate-suv\/climate-groups-call-for-suvs-%20to-be-banned-idUSKCN1VU1E2\">Climate groups call for SUVs to be banned<\/a>,&nbsp;<em>Reuters,<\/em>&nbsp;09.09.2019<\/li>\n\n\n\n<li><a href=\"https:\/\/www.americaeconomia.com\/negocios-industrias\/activistas-por-el-clima-piden-que-se-prohiban-las-suv\">Activistas por el clima piden que se proh\u00edban las SUV<\/a>,&nbsp;<em>Am\u00e9rica econom\u00eda,<\/em>&nbsp;09.09.2019<\/li>\n\n\n\n<li><a href=\"https:\/\/www.sueddeutsche.de\/auto\/vw-id3-iaa-1.4594472\" target=\"_blank\" rel=\"noreferrer noopener\">Volkswagen zeigt ID3: Im B\u00fc\u00dfergewand und mit neuem Auto<\/a>,&nbsp;<em>S\u00fcddeutsche Zeitung,<\/em>&nbsp;09.09.2019<\/li>\n\n\n\n<li><a href=\"https:\/\/www.stern.de\/panorama\/video-letzte-vorbereitungen-bei-der-iaa-8895662.html\" target=\"_blank\" rel=\"noreferrer noopener\">Letzte Vorbereitungen bei der IAA<\/a>,&nbsp;<em>stern tv<\/em>, 09.09.2019<\/li>\n\n\n\n<li><a href=\"https:\/\/www.klimareporter.de\/protest\/die-industrie-zum-nachdenken-bringen\" target=\"_blank\" rel=\"noreferrer noopener\">Die Industrie zum Nachdenken bringen<\/a>,&nbsp;<em>klimareporter<\/em>, 09.09.2019<\/li>\n\n\n\n<li><a href=\"https:\/\/www.schwaebische.de\/ueberregional\/wirtschaft_artikel,-autoindustrie-wegen-schwerer-%20suvs-in-der-kritik-umweltaktivistin-prangert-greenwashing-an-_arid,11110443.html\" target=\"_blank\" rel=\"noreferrer noopener\">Autoindustrie wegen schwerer SUVs in der Kritik \u2013 Umweltaktivistin prangert \u201eGreenwashing\u201c an<\/a>,&nbsp;<em>Schw\u00e4bische Zeitung,&nbsp;<\/em>09.09.2019<\/li>\n\n\n\n<li><a href=\"https:\/\/www.deutschlandfunk.de\/automobilindustrie-streit-um-suv.1939.de.html?drn:news_id=1047372\" target=\"_blank\" rel=\"noreferrer noopener\">Streit um SUV<\/a>,&nbsp;<em>Deutschlandfunk<\/em>, 09.09.2019<\/li>\n\n\n\n<li><a href=\"https:\/\/www.hessenschau.de\/wirtschaft\/klima-aktivisten-machen-gegen-iaa-mobil,iaa-demonstrationen-100.html\" target=\"_blank\" rel=\"noreferrer noopener\">Klima-Aktivisten machen gegen IAA mobil<\/a>,&nbsp;<em>hessenschau<\/em>, 09.09.2019<\/li>\n\n\n\n<li><a href=\"https:\/\/www.faz.net\/aktuell\/technik-motor\/iaa\/aktivisten-fordern-ende-der-iaa-feier-der-klima-killer-16375529.html\" target=\"_blank\" rel=\"noreferrer noopener\">Schau ein Dinosaurier \u2013 Klimaaktivisten fordern Ende der IAA<\/a>,&nbsp;<em>Frankfurter Allgemeine<\/em>, 09.09.2019<\/li>\n\n\n\n<li><a href=\"https:\/\/www.arte.tv\/de\/afp\/neuigkeiten\/umweltverbaende-fordern-vor-iaa-sofortiges-ende-des-verbrennungsmotors\" target=\"_blank\" rel=\"noreferrer noopener\">Umweltverb\u00e4nde fordern vor IAA sofortiges Ende des Verbrennungsmotors<\/a>,&nbsp;<em>arte<\/em>, 09.09.2019<\/li>\n\n\n\n<li><a href=\"https:\/\/www.handelsblatt.com\/unternehmen\/industrie\/auto-von-morgen\/aktivistin-velo-vs-vw-chef-diess-ihr-greenwashing-macht-mich-wuetend-aber-herbert-diess-bleibt-ganz-cool\/24997692.html\" target=\"_blank\" rel=\"noreferrer noopener\">\u00bbIhr Greenwashing macht mich w\u00fctend\u00ab \u2013 aber Herbert Diess bleibt ganz cool<\/a>,&nbsp;<em>Handelsblatt<\/em>, 09.09.2019<\/li>\n\n\n\n<li><a href=\"https:\/\/www.handelsblatt.com\/unternehmen\/industrie\/auto-von-morgen\/aktionsbuendnis-sand-im-getriebe-aktivistin-velo-bezeichnet-autoindustrie-vor-treffen-mit-vw-chef-diess-als-hochgradig-kriminell\/24995442.html\" target=\"_blank\" rel=\"noreferrer noopener\">Aktivistin Velo bezeichnet Autoindustrie vor Treffen mit VW-Chef Diess als \u201ehochgradig kriminell\u201c<\/a>,&nbsp;<em>Handelsblatt<\/em>, 09.09.2019<\/li>\n\n\n\n<li><a href=\"https:\/\/www.automobilwoche.de\/article\/20190909\/AGENTURMELDUNGEN\/309099946\/vor-gespraech-mit-vw-chef-diess-umweltaktivistin-autoindustrie-hochgradig-kriminell\" target=\"_blank\" rel=\"noreferrer noopener\">Umweltaktivistin: \u201eAutoindustrie hochgradig kriminell\u201c<\/a>,&nbsp;<em>automobilwoche<\/em>, 09.09.2019<\/li>\n\n\n\n<li><a href=\"https:\/\/www.fr.de\/frankfurt\/frankfurt-strasse-gegen-dinosaurier-12987215.html\" target=\"_blank\" rel=\"noreferrer noopener\">IAA Frankfurt: Auf die Stra\u00dfe gegen den \u201eDinosaurier\u201c<\/a>,&nbsp;<em>Frankfurter Rundschau<\/em>, 09.09.2019<\/li>\n<\/ul>\n\n\n\n<hr class=\"wp-block-separator has-alpha-channel-opacity\"\/>\n\n\n\n<h4 class=\"wp-block-heading\"><strong>Beitr\u00e4ge im Vorfeld<\/strong><\/h4>\n\n\n\n<ul class=\"wp-block-list\">\n<li><a href=\"https:\/\/www.sueddeutsche.de\/wirtschaft\/automobilindustrie-deutschlands-automanager-haben-angst-vor-umweltschuetzern-1.4590364\" target=\"_blank\" rel=\"noreferrer noopener\">Deutschlands Automanager haben Angst vor Umweltsch\u00fctzern<\/a>,&nbsp;<em>S\u00fcddeutsche Zeitung<\/em>, 06.09.2019<\/li>\n\n\n\n<li><a href=\"https:\/\/anfdeutsch.com\/Oekologie\/iaa-proteste-debattieren-protestieren-blockieren-13750\" target=\"_blank\" rel=\"noreferrer noopener\">IAA-Proteste: Debattieren, protestieren, blockieren!<\/a>,&nbsp;<em>ANF News<\/em>, 06.09.2019<\/li>\n\n\n\n<li><a href=\"https:\/\/www.handelsblatt.com\/unternehmen\/industrie\/auto-von-morgen\/klimaziele-der-suv-wahnsinn-warum-die-autoindustrie-sehend-in-eine-falle-tappt\/24976708.html?nlayer=Newsticker_1985586&amp;ticket=ST-23377392-oafgNb3C1X4i2etyHBbw-ap5\" target=\"_blank\" rel=\"noreferrer noopener\">Der SUV-Wahnsinn \u2013 Warum die Autoindustrie sehend in eine Falle tappt<\/a>,&nbsp;<em>Handelsblatt<\/em>,06.09.2019<\/li>\n\n\n\n<li><a href=\"https:\/\/www.fr.de\/frankfurt\/polizei-bereitet-sich-auf-iaa-vor-zr-12979711.html\" target=\"_blank\" rel=\"noreferrer noopener\">Polizei bereitet sich auf IAA vor<\/a>,&nbsp;<em>Frankfurter Rundschau<\/em>, 06.09.2019<\/li>\n\n\n\n<li><a href=\"https:\/\/www.n-tv.de\/wirtschaft\/VW-Chef-Diess-trifft-sich-mit-Auto-Gegnerin-article21257070.html\" target=\"_blank\" rel=\"noreferrer noopener\">VW-Chef Diess trifft sich mit Auto-Gegnerin<\/a>,&nbsp;<em>n-tv<\/em>, 06.09.2019<\/li>\n\n\n\n<li><a href=\"https:\/\/www.manager-magazin.de\/unternehmen\/autoindustrie\/iaa-blockade-radikale-autogegner-bedraengen-die-industrie-a-1285421.html\" target=\"_blank\" rel=\"noreferrer noopener\">Der Anti-Auto-Aufstand<\/a>,&nbsp;<em>Manager Magazin<\/em>, 05.09.2019<\/li>\n\n\n\n<li><a href=\"https:\/\/www.faz.net\/aktuell\/rhein-main\/wirtschaft\/viel-feind-viel-reichweite-kommentar-zur-iaa-in-frankfurt-16365623.html\" target=\"_blank\" rel=\"noreferrer noopener\">Zur IAA in Frankfurt: Viel Feind, viel Reichweite<\/a>,&nbsp;<em>Frankfurter Allgemeine,<\/em>&nbsp;04.09.2019<\/li>\n\n\n\n<li><a href=\"https:\/\/www.cleanenergywire.org\/news\/frankfurt-car-fair-promises-showdown-between-fridays-future-and-auto-lobby\" target=\"_blank\" rel=\"noreferrer noopener\">Frankfurt car fair promises showdown between Fridays for Future and auto lobby<\/a>,&nbsp;<em>CLEW<\/em>, 04.09.2019<\/li>\n\n\n\n<li><a href=\"https:\/\/www.fnp.de\/frankfurt\/frankfurt-hessen-ruestet-sich-gegen-protest-auto-manager-halten-branche-bedroht-12970851.html\" target=\"_blank\" rel=\"noreferrer noopener\">Auto-Manager halten Branche f\u00fcr bedroht<\/a>,&nbsp;<em>Frankfurter Neue Presse<\/em>, 03.09.2019<\/li>\n\n\n\n<li><a href=\"https:\/\/www.handelsblatt.com\/unternehmen\/industrie\/auto-von-morgen\/tina-velo-rebellion-auf-der-iaa-klimaaktivistin-kuendigt-blockaden-an-\/24970374.html\" target=\"_blank\" rel=\"noreferrer noopener\">Rebellion auf der IAA \u2013 Klimaaktivistin k\u00fcndigt Blockaden an<\/a>,&nbsp;<em>Handelsblatt<\/em>, 02.09.2019<\/li>\n\n\n\n<li><a href=\"https:\/\/www.handelsblatt.com\/unternehmen\/industrie\/auto-von-morgen\/automesse-klimakiller-auto-iaa-kaempft-um-grueneres-image\/24971204.html?ticket=ST-13419162-AXBq3Sa2hdIc6sDxp7vg-ap3\" target=\"_blank\" rel=\"noreferrer noopener\">Klimakiller Auto? \u2013 IAA k\u00e4mpft um gr\u00fcneres Image<\/a>,&nbsp;<em>Handelsblatt<\/em>, 02.09.2019<\/li>\n\n\n\n<li><a href=\"https:\/\/taz.de\/Bewegungsforscher-ueber-Anti-Auto-Demos\/!5615521\/\" target=\"_blank\" rel=\"noreferrer noopener\">Bewegungsforscher: Eine neue Qualit\u00e4t der Proteste<\/a>,&nbsp;<em>taz<\/em>, 15.08.2019<\/li>\n\n\n\n<li><a href=\"https:\/\/www.fr.de\/frankfurt\/protest-gegen-frankfurt-waechst-12914901.html\" target=\"_blank\" rel=\"noreferrer noopener\">Protest gegen die IAA in Frankfurt w\u00e4chst<\/a>,&nbsp;<em>Frankfurter Rundschau,<\/em>&nbsp;14.08.2019<\/li>\n\n\n\n<li><a href=\"https:\/\/taz.de\/Aktivisten-wollen-Automesse-blockieren\/!5617306\/\" target=\"_blank\" rel=\"noreferrer noopener\">Kein Gespr\u00e4ch mit der Autoindustrie<\/a>,&nbsp;<em>taz,<\/em>&nbsp;13.08.2019<\/li>\n\n\n\n<li><a href=\"https:\/\/background.tagesspiegel.de\/iaa-tappt-in-die-klimafalle\" target=\"_blank\" rel=\"noreferrer noopener\">IAA tappt in die Klimafalle<\/a>,&nbsp;<em>Tagesspiegel background,<\/em>&nbsp;13.08.2019<\/li>\n\n\n\n<li><a href=\"https:\/\/www.fr.de\/frankfurt\/wir-werden-frankfurt-unseren-koerpern-blockieren-12909674.html\" target=\"_blank\" rel=\"noreferrer noopener\">Wir werden die IAA in Frankfurt mit unseren K\u00f6rpern blockieren<\/a>,&nbsp;<em>Interview mit Tina Velo in der Frankfurter Rundschau,&nbsp;<\/em>12.08.2019<\/li>\n\n\n\n<li><a href=\"https:\/\/www.sueddeutsche.de\/wirtschaft\/verkehr-frankfurt-am-main-streit-um-klima-diskussion-bei-der-iaa-dpa.urn-newsml-dpa-com-20090101-190814-99-465185\" target=\"_blank\" rel=\"noreferrer noopener\">Streit um Klima-Diskussion bei der IAA<\/a>,&nbsp;<em>S\u00fcddeutsche Zeitung (online),<\/em>&nbsp;12.08.2019<\/li>\n\n\n\n<li><a href=\"https:\/\/www.faz.net\/aktuell\/wirtschaft\/auto-verkehr\/klima-buendnis-kuendigt-an-zugang-zu-iaa-zu-blockieren-16329864.html\" target=\"_blank\" rel=\"noreferrer noopener\">Klimaaktivisten wollen nicht mit Autoindustrie reden<\/a>,<strong>&nbsp;<\/strong><em>Frankfurter Allgemeine,<\/em>&nbsp;12.08.2019<\/li>\n\n\n\n<li><a href=\"https:\/\/taz.de\/Umweltaktivistin-ueber-Autobranche\/!5612274\/\" target=\"_blank\" rel=\"noreferrer noopener\">Spitze des Eisbergs eines kranken Verkehrssystems<\/a>,&nbsp;<em>Interview mit Tina Velo in der taz am 22.7.2019.<\/em><\/li>\n\n\n\n<li><a href=\"https:\/\/www.fr.de\/frankfurt\/klima-buendnis-protestiert-gegen-12848285.html\" target=\"_blank\" rel=\"noreferrer noopener\">Klima-B\u00fcndnis protestiert gegen die IAA<\/a>,&nbsp;<em>Frankfurter Rundschau<\/em>, 22.7.2019.<\/li>\n\n\n\n<li><a href=\"https:\/\/anfdeutsch.com\/Oekologie\/sand-im-getriebe-kuendigt-blockade-der-iaa-an-12753\" target=\"_blank\" rel=\"noreferrer noopener\">\u201aSand im Getriebe\u2018 k\u00fcndigt Blockade der IAA an<\/a>,&nbsp;<em>ANF News<\/em>, 22.7.2019.<\/li>\n\n\n\n<li><a href=\"https:\/\/www.neues-deutschland.de\/artikel\/1123188.bsand-im-getriebel-die-bewegung-gegen-das-auto-einen-gang-hochschalten.html\" target=\"_blank\" rel=\"noreferrer noopener\">Die Bewegung gegen das Auto einen Gang hochschalten<\/a>,&nbsp;<em>nd<\/em>, 22.7.2019.<\/li>\n\n\n\n<li><a href=\"https:\/\/www.hessenschau.de\/wirtschaft\/klima-aktivisten-wollen-automesse-iaa-blockieren,protest-iaa-100.html\" target=\"_blank\" rel=\"noreferrer noopener\">Klima-Aktivisten wollen Automesse IAA blockieren<\/a>,&nbsp;<em>hessenschau<\/em>, 22.7.2019.<\/li>\n\n\n\n<li><a href=\"https:\/\/www.lvz.de\/Nachrichten\/Wirtschaft\/Legen-radikale-Klimaschuetzer-die-Auto-Ausstellung-IAA-lahm\" target=\"_blank\" rel=\"noreferrer noopener\">Legen radikale Klimasch\u00fctzer die Auto-Ausstellung IAA lahm?<\/a>,&nbsp;<em>Leipziger Volkszeitung<\/em>, 22.7.2019.<\/li>\n<\/ul>\n","protected":false},"excerpt":{"rendered":"<p>Die [&#8230;] IAA, [&#8230;] die durch Proteste von Klimaaktivisten aus Frankfurt am Main vertrieben wurde.Sueddeutsche Zeitung, 5. September 2025 Solidarische Prozessbegleitung 21.05.2024 blockIAA2023 Die Wochen danach W\u00e4hrend der IAA (5.-10. September) Vorberichterstattung Pressespiegel blockIAA2021 Die Wochen danach #BlockIAA M\u00fcnchen 10-11. September Vorberichterstattung zur IAA-Aktion 2021 Bundesweite Mobilit\u00e4tswende-Aktionstage 05.\/06. Juni 2021 2020 und davor Aktionstag #Abfckpr\u00e4mie [&hellip;]<\/p>\n","protected":false},"author":1,"featured_media":0,"parent":0,"menu_order":0,"comment_status":"closed","ping_status":"closed","template":"","meta":{"footnotes":""},"class_list":["post-370","page","type-page","status-publish","hentry"],"blocksy_meta":[],"_links":{"self":[{"href":"https:\/\/www.sand-im-getriebe.mobi\/en\/wp-json\/wp\/v2\/pages\/370","targetHints":{"allow":["GET"]}}],"collection":[{"href":"https:\/\/www.sand-im-getriebe.mobi\/en\/wp-json\/wp\/v2\/pages"}],"about":[{"href":"https:\/\/www.sand-im-getriebe.mobi\/en\/wp-json\/wp\/v2\/types\/page"}],"author":[{"embeddable":true,"href":"https:\/\/www.sand-im-getriebe.mobi\/en\/wp-json\/wp\/v2\/users\/1"}],"replies":[{"embeddable":true,"href":"https:\/\/www.sand-im-getriebe.mobi\/en\/wp-json\/wp\/v2\/comments?post=370"}],"version-history":[{"count":6,"href":"https:\/\/www.sand-im-getriebe.mobi\/en\/wp-json\/wp\/v2\/pages\/370\/revisions"}],"predecessor-version":[{"id":846,"href":"https:\/\/www.sand-im-getriebe.mobi\/en\/wp-json\/wp\/v2\/pages\/370\/revisions\/846"}],"wp:attachment":[{"href":"https:\/\/www.sand-im-getriebe.mobi\/en\/wp-json\/wp\/v2\/media?parent=370"}],"curies":[{"name":"wp","href":"https:\/\/api.w.org\/{rel}","templated":true}]}}