{"id":15,"date":"2025-06-20T11:35:47","date_gmt":"2025-06-20T11:35:47","guid":{"rendered":"https:\/\/sig2025.uber.space\/?page_id=15"},"modified":"2026-01-16T23:22:11","modified_gmt":"2026-01-16T22:22:11","slug":"wer-wir-sind","status":"publish","type":"page","link":"https:\/\/www.sand-im-getriebe.mobi\/en\/wer-wir-sind\/","title":{"rendered":"Wer wir sind"},"content":{"rendered":"<div class=\"wp-block-group has-palette-color-6-background-color has-background is-layout-constrained wp-block-group-is-layout-constrained\">\n<p class=\"has-large-font-size\"><strong>Sand im Getriebe ist eine radikale Klimagerechtigkeitsgruppe.<\/strong><\/p>\n\n\n\n<p>Wir gehen seit 2019 gegen die Autoindustrie und f\u00fcr eine sofortige Mobilit\u00e4tswende auf die Stra\u00dfe.<\/p>\n<\/div>\n\n\n\n<div class=\"wp-block-media-text is-stacked-on-mobile\"><figure class=\"wp-block-media-text__media\"><img loading=\"lazy\" decoding=\"async\" width=\"1024\" height=\"683\" src=\"https:\/\/www.sand-im-getriebe.mobi\/wp-content\/uploads\/2026\/01\/53173281329_1731fe347b_o-1024x683.jpg\" alt=\"\" class=\"wp-image-934 size-full\" srcset=\"https:\/\/www.sand-im-getriebe.mobi\/wp-content\/uploads\/2026\/01\/53173281329_1731fe347b_o-1024x683.jpg 1024w, https:\/\/www.sand-im-getriebe.mobi\/wp-content\/uploads\/2026\/01\/53173281329_1731fe347b_o-300x200.jpg 300w, https:\/\/www.sand-im-getriebe.mobi\/wp-content\/uploads\/2026\/01\/53173281329_1731fe347b_o-768x512.jpg 768w, https:\/\/www.sand-im-getriebe.mobi\/wp-content\/uploads\/2026\/01\/53173281329_1731fe347b_o-1536x1024.jpg 1536w, https:\/\/www.sand-im-getriebe.mobi\/wp-content\/uploads\/2026\/01\/53173281329_1731fe347b_o-2048x1365.jpg 2048w, https:\/\/www.sand-im-getriebe.mobi\/wp-content\/uploads\/2026\/01\/53173281329_1731fe347b_o-18x12.jpg 18w\" sizes=\"auto, (max-width: 1024px) 100vw, 1024px\" \/><\/figure><div class=\"wp-block-media-text__content\">\n<p>Wir setzen uns ein f\u00fcr nachhaltige Mobilt\u00e4t f\u00fcr alle. Also eine sozial-\u00f6kologische Mobilit\u00e4tswende.<\/p>\n\n\n\n<p>Wir sind davon \u00fcberzeugt, dass wir daf\u00fcr den Irrweg des Autos verlassen m\u00fcssen. Wir glauben, dass die Verdr\u00e4ngung, das Sch\u00f6nreden und halbe L\u00f6sungen an unserer Art zu wirtschaften und miteinander umzugehen liegen. Daher k\u00e4mpfen wir f\u00fcr einen Wandel dieses Systems. Wir packen das Problem also an der Wurzel. Auf lateinisch hei\u00dft Wurzel radix. Daher kommt die Bezeichnung radikal.<\/p>\n<\/div><\/div>\n\n\n\n<div class=\"wp-block-group is-layout-constrained wp-block-group-is-layout-constrained\">\n<div class=\"custom-css-block\"><style>#aab_accordion_ed8c1d74_0 {  }<\/style><\/div><div class=\"wp-block-aab-accordion-block aab__accordion_container  accessibilityOn\" style=\"margin-top:0px;margin-bottom:15px;border:1px solid #bcb6b638\" id=\"aab_accordion_ed8c1d74_0\" role=\"button\" aria-expanded=\"false\" tabindex=\"0\"><div class=\"aab__accordion_head aab_right_icon\" style=\"background-color:#bcb6b638;border-top:none;border-right:none;border-bottom:none;border-left:none\"><div class=\"aab__accordion_heading aab_right_icon aab_right_link\"><div class=\"head_content_wrapper\"><div class=\"title_wrapper\"><h5 class=\"aab__accordion_title\" style=\"margin:0\">Was ist uns wichtig bei der Arbeit miteinander?<\/h5><\/div><\/div><\/div><div class=\"aab__accordion_icon\" style=\"border:0px solid transparent\"><span class=\"aab__icon dashicons dashicons-plus-alt2\" style=\"font-size:23px\"><\/span><\/div><\/div><div class=\"aab__accordion_body\" role=\"region\" style=\"display:none;border-top:6px solid #bcb6b638;border-right:none;border-bottom:none;border-left:none\"><div class=\"aab__accordion_component\">\n<p>Wir sind basisdemokratisch organisiert und auch nach innen hin gegen jegliche Form autorit\u00e4rer Strukturen. Das hei\u00dft wir bestimmen gemeinsam, was wir tun, und alle d\u00fcrfen Bedenken \u00e4u\u00dfern. Das erfordert eine laufende, kritische Reflexion auf unsere eigenen M\u00e4ngel, denn kein Zusammenschluss ist immun gegen Hierarchien und politische und soziale Konflikte.<\/p>\n\n\n\n<p>Damit Ableismus, Klassismus und Sexismus in unseren Strukturen ebensowenig Fu\u00df fassen k\u00f6nnen wie Rassismus, Antisemitismus und Islamophobie, sprechen wir offen \u00fcber Herausforderungen und Probleme der Gesellschaft, der Klimagerechtigkeitsbewegung, und unserer Gruppe.<\/p>\n<\/div><\/div><\/div>\n<\/div>\n\n\n\n<p>Alle, die unser Selbstverst\u00e4ndnis und unseren <a href=\"\/en\/aktionskonsens\/\">Aktionskonsens <\/a>teilen, sind eingeladen, Aktionen als Sand im Getriebe zu machen.<\/p>\n\n\n\n<p>Es gibt zur Zeit diese Ortsgruppen: <\/p>\n\n\n\n<ul class=\"wp-block-list\">\n<li><a href=\"\/en\/sig-berlin\/\" data-type=\"page\" data-id=\"805\">Berlin<\/a> (aktiv gegen die A100, f\u00fcr Pop-Up-Radwege, gegen Tesla uvm.)<\/li>\n\n\n\n<li><a href=\"mailto:heidelberg@sand-im-getriebe.mobi\">Heidelberg <\/a>(im Aufbau)<\/li>\n\n\n\n<li><a href=\"mailto:info@sand-im-getriebe.mobi\">\u00dcberregional<\/a><\/li>\n\n\n\n<li>In deiner Region? (Melde dich, vielleicht sind schon Sandk\u00f6rner in deiner N\u00e4he aktiv)<\/li>\n<\/ul>\n\n\n\n<div class=\"custom-css-block\"><style>.aagb_accordion_8eae44af_0 {   }<\/style><\/div><style>\n        .aagb_accordion_8eae44af_0 .aagb__accordion_active .aagb__accordion_body {\n            border-top: 1px solid #ebebeb;\n        }\n        .aagb_accordion_8eae44af_0 .aagb__accordion_container.wp-block-aab-accordion-item .aagb__accordion_head {\n          \n          \n          border-top: none; border-right: none; border-bottom: none; border-left: none;\n          \n        }\n        .aagb_accordion_8eae44af_0 .aagb__accordion_container.wp-block-aab-accordion-item .aagb__accordion_body {\n          \n          \n          \n          border-top: 0px none #000000; border-right: 0px none undefined; border-bottom: 0px none #000000; border-left: 0px none undefined;\n          \n        }\n        \n        .aagb_accordion_8eae44af_0 .wp-block-aab-accordion-item .aagb__accordion_subheading {\n          margin: 5px 0 0 0;\n          \n        }\n        .aagb_accordion_8eae44af_0 .wp-block-aab-accordion-item .aagb__accordion_icon {\n          \n          \n        }\n        .aagb_accordion_8eae44af_0 .wp-block-aab-accordion-item .aagb__icon {\n          font-size: 23px;\n        }\n        .aagb_accordion_8eae44af_0 .aagb__accordion_title {\n          margin: 0;\n          \n        }\n        .aagb_accordion_8eae44af_0 .aagb__accordion_container {\n          border: 1px solid #bcb6b638;\n          \n          \n          \n        }\n          .aagb_accordion_8eae44af_0 .aagb__accordion_number{\n            \n        }\n        .aagb_accordion_8eae44af_0 .wp-block-aab-accordion-item .aagb__accordion_subheading{\n           false\n        }\n\n        .aagb_accordion_8eae44af_0 .aab-step-progress{\n          background-color: #dfd2d2;\n        }\n            \n        .aagb_accordion_8eae44af_0 .aab-step-progress-bar {\n          background-color: #1570ec;\n        }\n\n        .aagb_accordion_8eae44af_0 .aagb__accordion_number{\n          \n        }\n        .aagb_accordion_8eae44af_0 .aab-progress-bar-container{\n          background-color: #f0f0f0;\n        }\n        .aagb_accordion_8eae44af_0 .aab-progress-bar {\n            background-color: #0866ff;\n        }\n        \n       .aagb__group_accordion_container.has_img {\n            \n            flex-direction: row;\n        }\n         .aagb_accordion_8eae44af_0.wp-block-aab-group-accordion.aab-next-previous-enabled{\n          padding-left: 50px !important;\n            \n            \n            \n        }\n        .aagb_accordion_8eae44af_0 .aagb-accordion-next-previous{\n          left: 0; top: 50%; transform: translateY(-50%); position: absolute;\n            \n            \n            \n        }\n        .aagb_accordion_8eae44af_0 .aagb-accordion-previous-icon,.aagb_accordion_8eae44af_0 .aagb-accordion-next-icon {\n          background-color: #010101;\n          svg{\n            fill: #ffffff;\n          }\n        }\n         \n          .aagb__group_accordion_container.has_img{\n          \n          \n          \n          .aab-next-previous-enabled{\n            \n            \n          }\n\n        }\n      \n          .aagb_accordion_8eae44af_0 .aagb__accordion_container {\n            transition-duration: 0ms !important;\n            outline: 2px solid #00000000;\n          }\n          .aagb_accordion_8eae44af_0 .aagb__accordion_container:focus-visible {\n            outline: 2px solid #C2DBFE;\n          }\n        <\/style><div class=\"wp-block-aab-group-accordion searchable aagb_accordion_8eae44af_0 click false\" id=\"group-accordion-8eae44af_0\">\n<div class=\"wp-block-aab-accordion-item aagb__accordion_container panel\" data-autoplay=\"false\" data-duration=\"3000\" data-progress-bar-direction=\"horizontal\" data-feature-image-url=\"\" data-auto-numbering=\"false\" data-progress-bar-on=\"false\" tabindex=\"0\"><div class=\"aagb__accordion_head aab_right_icon\" data-active=\"false\"><div class=\"aagb__accordion_heading aab_right_icon aagb_right_link\"><div class=\"head_content_wrapper\"><div class=\"title_wrapper\"><p class=\"aagb__accordion_title\">Blockaden mit Wirkung <\/p><\/div><\/div><\/div><div class=\"aagb__accordion_icon\"><div class=\"aagb__icon_dashicons_box\"><span class=\"aagb__icon dashicons dashicons-plus-alt2\"><\/span><\/div><\/div><\/div><div class=\"aagb__accordion_body\" role=\"region\"><div class=\"aagb__accordion_component\">\n<p>Im September 2019 in Frankfurt, 2021, 2023 und 2025 in M\u00fcnchen haben wir die Internationale Automobil-Ausstellung blockiert. Nicht aus Spa\u00df an der Konfrontation, sondern weil diese Messe nur eines zeigt: Die Autolobby hat nichts zu bieten au\u00dfer Profitdenken und gr\u00fcnen Phrasen. Mit unseren Aktionen haben wir gezeigt, dass dieser Zustand nicht l\u00e4nger hingenommen wird. Wir waren damals da. Wir sind immer noch da. Weil sich sonst nichts \u00e4ndert.<\/p>\n<\/div><\/div><\/div>\n\n\n\n<div class=\"wp-block-aab-accordion-item aagb__accordion_container panel\" data-autoplay=\"false\" data-duration=\"3000\" data-progress-bar-direction=\"horizontal\" data-feature-image-url=\"\" data-auto-numbering=\"false\" data-progress-bar-on=\"false\" tabindex=\"0\"><div class=\"aagb__accordion_head aab_right_icon\" data-active=\"false\"><div class=\"aagb__accordion_heading aab_right_icon aagb_right_link\"><div class=\"head_content_wrapper\"><div class=\"title_wrapper\"><p class=\"aagb__accordion_title\">Mobilit\u00e4tswende \u2013 jetzt oder nie <\/p><\/div><\/div><\/div><div class=\"aagb__accordion_icon\"><div class=\"aagb__icon_dashicons_box\"><span class=\"aagb__icon dashicons dashicons-plus-alt2\"><\/span><\/div><\/div><\/div><div class=\"aagb__accordion_body\" role=\"region\"><div class=\"aagb__accordion_component\">\n<p>Die Klimakatastrophe ist da. Sie wird nicht durch neue Werbeslogans, gl\u00e4nzende Karosserien oder sogenannte \u201esaubere\u201c Autos gestoppt. Der Verkehrssektor ist Teil des Problems \u2013 und muss endlich Teil der L\u00f6sung werden.<\/p>\n\n\n\n<p>Es reicht nicht, \u00fcber Elektroautos zu reden, w\u00e4hrend St\u00e4dte immer hei\u00dfer werden und die Erde brennt. Mobilit\u00e4t muss sich neu erfinden \u2013 dezentral, solidarisch und menschennah. Unsere Vision ist klar: autofreie St\u00e4dte, Platz f\u00fcr Menschen statt Blechlawinen, ein ausgebauter und kostenloser \u00d6PNV. Schluss mit Autobahnbau und Schnellstra\u00dfen-Wahn \u2013 die Mittel geh\u00f6ren in den klimafreundlichen Umbau der Infrastruktur. Das ist keine Utopie. Das ist Notwendigkeit.<\/p>\n\n\n\n<p>Nur eine sofortige Verkehrswende kann die verheerenden Folgen des Individualverkehrs stoppen. Statt weiter aufs Auto und den Luftverkehr zu setzen, brauchen wir ein funktionierendes und kostenloses Bahn- und \u00d6PNV-Netz. Statt Autos, die den ganzen Tag nur rumstehen, brauchen wir Platz f\u00fcr Fahrr\u00e4der und Menschen. Auch Werksschlie\u00dfungen k\u00f6nnen verhindert werden, wenn mit den Besch\u00e4ftigten eine Konversion hin zur Produktion von \u201aVerkehrswendemitteln\u2018 vollzogen wird.<\/p>\n<\/div><\/div><\/div>\n\n\n\n<div class=\"wp-block-aab-accordion-item aagb__accordion_container panel\" data-autoplay=\"false\" data-duration=\"3000\" data-progress-bar-direction=\"horizontal\" data-feature-image-url=\"\" data-auto-numbering=\"false\" data-progress-bar-on=\"false\" tabindex=\"0\"><div class=\"aagb__accordion_head aab_right_icon\" data-active=\"false\"><div class=\"aagb__accordion_heading aab_right_icon aagb_right_link\"><div class=\"head_content_wrapper\"><div class=\"title_wrapper\"><p class=\"aagb__accordion_title\">Elektroautos? Keine Rettung<\/p><\/div><\/div><\/div><div class=\"aagb__accordion_icon\"><div class=\"aagb__icon_dashicons_box\"><span class=\"aagb__icon dashicons dashicons-plus-alt2\"><\/span><\/div><\/div><\/div><div class=\"aagb__accordion_body\" role=\"region\"><div class=\"aagb__accordion_component\">\n<p>Wer glaubt, dass Elektromobilit\u00e4t die Klimakatastrophe stoppt, ignoriert die Realit\u00e4t. Elektroautos brauchen Rohstoffe, Platz und Energie. Sie zerst\u00f6ren Umwelt, produzieren L\u00e4rm und Feinstaub, f\u00fchren zu Unf\u00e4llen. Das Modell \u201ePrivatauto f\u00fcr alle\u201c ist sozial ungleich, \u00f6kologisch verheerend und weltweit nicht skalierbar. Wer wirklich handeln will, setzt nicht auf Einzelauto-L\u00f6sungen, sondern auf gemeinschaftliche, \u00f6ffentliche Verkehrssysteme.<br><em>Mehr dazu: <a href=\"\/en\/warum-die-produktion-von-elektroautos-neokolonial-ist\/\">Warum die Produktion von Elektroautos neokolonial ist<\/a><\/em><\/p>\n<\/div><\/div><\/div>\n\n\n\n<div class=\"wp-block-aab-accordion-item aagb__accordion_container panel\" data-autoplay=\"false\" data-duration=\"3000\" data-progress-bar-direction=\"horizontal\" data-feature-image-url=\"\" data-auto-numbering=\"false\" data-progress-bar-on=\"false\" tabindex=\"0\"><div class=\"aagb__accordion_head aab_right_icon\" data-active=\"false\"><div class=\"aagb__accordion_heading aab_right_icon aagb_right_link\"><div class=\"head_content_wrapper\"><div class=\"title_wrapper\"><p class=\"aagb__accordion_title\">Uns geht&#8217;s wohl zu gut. #MAPA<\/p><\/div><\/div><\/div><div class=\"aagb__accordion_icon\"><div class=\"aagb__icon_dashicons_box\"><span class=\"aagb__icon dashicons dashicons-plus-alt2\"><\/span><\/div><\/div><\/div><div class=\"aagb__accordion_body\" role=\"region\"><div class=\"aagb__accordion_component\">\n<p>Einen Aspekt unserer inhaltlichen Arbeit stellt deshalb MAPA-Arbeit dar. &#8222;MAPA&#8220; steht f\u00fcr Most Affected People and Areas, das hei\u00dft f\u00fcr Menschen und Regionen, die besonders stark von Ausbeutung und deren Folgen betroffen sind. In den vergangenen Jahren haben wir uns zum Beispiel mit OPSAL vernetzt, einer Initiative, \u00fcber die indigene Aktivistinnen, Forscherinnen und Wissenschaflter*innen aus Chile, Argentinien und Bolivien aus diesen L\u00e4ndern versuchen, den Abbau in den Salzseen der Anden zu stoppen. Ein Aktivisti von OPSAL hat 2023 auf der #blockIAA \u00fcber die verheerenden Folgen des Lithium-Abbaus in der Atacama-W\u00fcste gesprochen, der die Wasserquelle von indigenen Bev\u00f6lkerungsgruppen bedroht und von der deutschen Automobilindustrie aktiv vorangetrieben wird.<\/p>\n<\/div><\/div><\/div>\n\n\n\n<div class=\"wp-block-aab-accordion-item aagb__accordion_container panel\" data-autoplay=\"false\" data-duration=\"3000\" data-progress-bar-direction=\"horizontal\" data-feature-image-url=\"\" data-auto-numbering=\"false\" data-progress-bar-on=\"false\" tabindex=\"0\"><div class=\"aagb__accordion_head aab_right_icon\" data-active=\"false\"><div class=\"aagb__accordion_heading aab_right_icon aagb_right_link\"><div class=\"head_content_wrapper\"><div class=\"title_wrapper\"><p class=\"aagb__accordion_title\">Umbau statt Weiter-so<\/p><\/div><\/div><\/div><div class=\"aagb__accordion_icon\"><div class=\"aagb__icon_dashicons_box\"><span class=\"aagb__icon dashicons dashicons-plus-alt2\"><\/span><\/div><\/div><\/div><div class=\"aagb__accordion_body\" role=\"region\"><div class=\"aagb__accordion_component\">\n<p>Die Autoindustrie steht am Abgrund. Digitalisierung und Elektromobilit\u00e4t ver\u00e4ndern die Arbeitswelt massiv \u2013 viele Jobs werden verschwinden. Doch statt die Branche weiter mit Milliarden am Leben zu erhalten, fordern wir einen kontrollierten R\u00fcckbau und eine Produktionsumstellung auf klimafreundliche Verkehrsmittel wie Stra\u00dfenbahnen, Elektrobusse und Lastenr\u00e4der. <\/p>\n\n\n\n<p>Sozialer Zusammenhalt muss dabei unverhandelbar sein. Besch\u00e4ftigte sollen nicht unter einem Wandel leiden \u2013 Mitbestimmung, Absicherung und neue Perspektiven sind notwendig.<\/p>\n<\/div><\/div><\/div>\n\n\n\n<div class=\"wp-block-aab-accordion-item aagb__accordion_container panel\" data-autoplay=\"false\" data-duration=\"3000\" data-progress-bar-direction=\"horizontal\" data-feature-image-url=\"\" data-auto-numbering=\"false\" data-progress-bar-on=\"false\" tabindex=\"0\"><div class=\"aagb__accordion_head aab_right_icon\" data-active=\"false\"><div class=\"aagb__accordion_heading aab_right_icon aagb_right_link\"><div class=\"head_content_wrapper\"><div class=\"title_wrapper\"><p class=\"aagb__accordion_title\">Warum wollen wir die Autoindustrie abschaffen?<\/p><\/div><\/div><\/div><div class=\"aagb__accordion_icon\"><div class=\"aagb__icon_dashicons_box\"><span class=\"aagb__icon dashicons dashicons-plus-alt2\"><\/span><\/div><\/div><\/div><div class=\"aagb__accordion_body\" role=\"region\"><div class=\"aagb__accordion_component\">\n<p>Hitzewellen und Extremwettereignisse treiben Millionen von Menschen in Flucht und zerst\u00f6ren unser aller Lebensgrundlage. Arten sterben aus, Gletscher und Polkappen schmelzen, W\u00e4lder gehen in Flammen auf, ganze D\u00f6rfer und St\u00e4dte werden vom Wasser verschlungen. Jahrzentelange Proteste, B\u00fcrger:innen-Initiativen, die Fridays for Future-Bewegung, UN-Klimaberichte, und das Pariser Klimaabkommen waren richtig und wichtig. Die radikalen \u00c4nderungen in allen Bereichen der Gesellschaft, die der Weltklima-Bericht der UN bereits 2018 gefordert hat, sind trotzdem nicht eingetreten. Zurzeit beobachten wir eher einen R\u00fcckschritt hin zu fossilen Energien wie LNG oder Kohle, w\u00e4hrend uns Superreiche M\u00e4rchen von der Flucht ins All erz\u00e4hlen.<\/p>\n\n\n\n<p>Es mangelt nicht an Wissen um die Konsequenzen unserer Wirtschaftsordnung. Und auch nicht an Kreativit\u00e4t. Die L\u00f6sungen, die schon heute m\u00f6glich sind, werden nicht gewollt, weil sie den Status Quo infrage stellen. Deshalb werden Klimal\u00f6sungen nur dann umgesetzt, wenn sie auf Kosten der allgemeinen Bev\u00f6lkerung gehen. Das trifft viele, die auch jetzt schon am oder unter dem Existenzminimum leben. Das interessiert Politiker*innen entweder nicht, oder es nutzt ihnen sogar, weil sie so Ressentiments gegen Klimaschutzma\u00dfnahmen sch\u00fcren k\u00f6nnen.<\/p>\n\n\n\n<p>In Deutschland wird das System Auto nur selten infragegestellt. Als vermeintlicher Garant f\u00fcr Wohlstand und Mobilit\u00e4t gelten Automobile als Grundfesten des Gemeinwohls. Der Staat f\u00f6rdert die Automobilindustrie mit allen Mitteln: \u00dcber 60 Prozent aller Pkw-Neuzulassungen sind staatlich bezuschusste Dienstw\u00e4gen, und f\u00fcr den Autobahnbau schreckt der Staat auch vor den ach so linken Enteignungen nicht zur\u00fcck. Dabei macht die Autoindustrie nur die Reichen noch reicher und mobiler, w\u00e4hrend sie die Lebensgrundlage von uns allen zerst\u00f6rt und vielen Menschen das Recht auf Bewegungsfreiheit und Mobilit\u00e4t verwehrt. Autos verpesten und verstopfen nicht nur unsere St\u00e4dte und Verkehrswege. Schon ihre Produktion basiert auf massivem Rohstoffraubbau, und auf der Ausbeutung und Verschmutzung des Globalen S\u00fcdens.<\/p>\n\n\n\n<p>Die Zeit des Forderns ist vorbei. Wir stellen uns dem Autokapitalismus in den Weg. F\u00fcr eine sofortige Verkehrswende. Gerechte Mobilit\u00e4t f\u00fcr alle.<\/p>\n\n\n\n<p>F\u00fcr uns ist radikaler Klimaprotest deshalb alternativlos.<\/p>\n<\/div><\/div><\/div>\n<\/div>\n\n\n\n<p><\/p>","protected":false},"excerpt":{"rendered":"<p>Sand im Getriebe ist eine radikale Klimagerechtigkeitsgruppe. Wir gehen seit 2019 gegen die Autoindustrie und f\u00fcr eine sofortige Mobilit\u00e4tswende auf die Stra\u00dfe. Wir setzen uns ein f\u00fcr nachhaltige Mobilt\u00e4t f\u00fcr alle. Also eine sozial-\u00f6kologische Mobilit\u00e4tswende. Wir sind davon \u00fcberzeugt, dass wir daf\u00fcr den Irrweg des Autos verlassen m\u00fcssen. Wir glauben, dass die Verdr\u00e4ngung, das Sch\u00f6nreden [&hellip;]<\/p>\n","protected":false},"author":1,"featured_media":0,"parent":0,"menu_order":0,"comment_status":"closed","ping_status":"closed","template":"","meta":{"footnotes":""},"class_list":["post-15","page","type-page","status-publish","hentry"],"blocksy_meta":[],"_links":{"self":[{"href":"https:\/\/www.sand-im-getriebe.mobi\/en\/wp-json\/wp\/v2\/pages\/15","targetHints":{"allow":["GET"]}}],"collection":[{"href":"https:\/\/www.sand-im-getriebe.mobi\/en\/wp-json\/wp\/v2\/pages"}],"about":[{"href":"https:\/\/www.sand-im-getriebe.mobi\/en\/wp-json\/wp\/v2\/types\/page"}],"author":[{"embeddable":true,"href":"https:\/\/www.sand-im-getriebe.mobi\/en\/wp-json\/wp\/v2\/users\/1"}],"replies":[{"embeddable":true,"href":"https:\/\/www.sand-im-getriebe.mobi\/en\/wp-json\/wp\/v2\/comments?post=15"}],"version-history":[{"count":71,"href":"https:\/\/www.sand-im-getriebe.mobi\/en\/wp-json\/wp\/v2\/pages\/15\/revisions"}],"predecessor-version":[{"id":939,"href":"https:\/\/www.sand-im-getriebe.mobi\/en\/wp-json\/wp\/v2\/pages\/15\/revisions\/939"}],"wp:attachment":[{"href":"https:\/\/www.sand-im-getriebe.mobi\/en\/wp-json\/wp\/v2\/media?parent=15"}],"curies":[{"name":"wp","href":"https:\/\/api.w.org\/{rel}","templated":true}]}}